{"id":301,"date":"2013-04-10T20:50:00","date_gmt":"2013-04-10T18:50:00","guid":{"rendered":"http:\/\/pc-mac.se\/word\/?page_id=301"},"modified":"2025-04-09T17:35:28","modified_gmt":"2025-04-09T16:35:28","slug":"recensioner","status":"publish","type":"page","link":"http:\/\/korda.org\/?page_id=301","title":{"rendered":"Recensioner"},"content":{"rendered":"<p><a href=\"https:\/\/korda.org\/?attachment_id=1774\" rel=\"attachment wp-att-1774\">Recension GD 2023<\/a><\/p>\n<p>&nbsp;<\/p>\n<p><span style=\"font-size: medium;\"><a href=\"http:\/\/korda.org\/wp-content\/uploads\/2013\/04\/dar_filmen_slutar.pdf\"><strong>\u201d De fyller i varandras tal, kompletterar varandras beskrivningar. Likadant g\u00f6r de n\u00e4r de arbetar fram en f\u00f6rest\u00e4llning \u2026 MENHIR bygger p\u00e5 en poetisk text av Linda som hon sedan gjort koreografin efter. Sedan kom da<\/strong><strong>nsarna Lotta And<\/strong><\/a><strong><a href=\"http:\/\/korda.org\/wp-content\/uploads\/2013\/04\/dar_filmen_slutar.pdf\">ersson och Karin Brodin med i bilden. Parallellt med att dansen v\u00e4xte fram har Lou gjort scenografin och senare musik och ljusbild \u2026 Vi hittar ber\u00f6ringspunkter hos varandra som sedan s\u00e4tter ig\u00e5ng en process. De andras arbete verifierar det man sj\u00e4lv h\u00e5ller p\u00e5 med, det f\u00e5r en giltighet f\u00f6rst i de m\u00f6tena och konfrontationerna, s\u00e4ger Lou T Lundqvist. \u201d<\/a><br \/>\n<\/strong><\/span><\/p>\n<p><span style=\"font-size: medium;\"><strong style=\"font-family: Arial, Helvetica, sans-serif;\"><a href=\"http:\/\/korda.org\/wp-content\/uploads\/2013\/04\/dar_filmen_slutar.pdf\">Ingrid Borggren skriver i Dagens Nyheter om Linda Forsmans och Lou Lundqvists gemensamma skapande<\/a><\/strong><\/span><\/p>\n<p>&nbsp;<\/p>\n<p><span style=\"font-size: medium;\"><a style=\"font-family: 'book antiqua', palatino;\" href=\"http:\/\/korda.org\/wp-content\/uploads\/2013\/04\/GD-KUltur-Nyfiken-stark-16-9-121.pdf\"><strong>\u201d Hon \u00e4r s\u00e5 solo, t\u00e4nker jag, och imponeras av den kraft hon innehar\u2026 Lou T Lundqvists musik b\u00f6rjar i det porlande, naturskrin och k\u00e4llor. Linda Forsmans r\u00f6relser blir svanh\u00e4nder och tranben, n\u00e4stlar sig som f\u00e5gelns bo kring ett nav i henne\u2026 Det var l\u00e4ngesen jag s\u00e5g ett s\u00e5dant genomf\u00f6rt samspel mellan r\u00f6relse och musik. Klangen av detta ljuder l\u00e5ngt efter att stycket tagit slut. \u201d<\/strong><\/a><\/span><\/p>\n<p><span style=\"font-size: medium;\"><strong><a href=\"http:\/\/korda.org\/wp-content\/uploads\/2013\/04\/GD-KUltur-Nyfiken-stark-16-9-121.pdf\">Sanna Wikstr\u00f6m, Gefle Dagblad, ser Solo Bird<\/a><\/strong><\/span><\/p>\n<p>&nbsp;<\/p>\n<p><span style=\"font-size: medium;\"><a style=\"font-family: 'book antiqua', palatino;\" href=\"http:\/\/korda.org\/wp-content\/uploads\/2013\/04\/Korda-ett-mote1.pdf\"><strong>\u201d Ljuset; det smeker rummet med varma och d\u00e4mpade toner, s\u00e4tter fingret p\u00e5 enstaka f\u00f6rem\u00e5l. Det \u00e4ndrar atmosf\u00e4rens t\u00e4thet, frambesv\u00e4rjer ett m\u00e5nsken silat genom l\u00f6vverk. Det m\u00e5lar en tizianglans \u00f6ver dansarens hud, men t\u00e4nder ocks\u00e5 till sist en symbol som kanske beb\u00e5dar livets retr\u00e4tt. Ljuset \u00e4r ber\u00e4ttaren. Dansaren; pr\u00f6var ut sina riktningar, vaksam, intuitiv, l\u00e5tsas inte om objekten men vet att de \u00e4r d\u00e4r. Inleder en kraftm\u00e4tning, vars vapen kan vara ih\u00e4rdig r\u00f6relse, spr\u00e5ng men ocks\u00e5 v\u00e4ntan och l\u00e5ngsamhet, dr\u00f6mlika vandringar. S\u00e5 sm\u00e5ningom k\u00e4nner dansaren ett \u00f6vertag, s\u00e5 som den levande och flytande och centrumfria. \u201d<\/strong><\/a><\/span><\/p>\n<p><span style=\"font-size: medium;\"><a href=\"http:\/\/korda.org\/wp-content\/uploads\/2013\/04\/Korda-ett-mote1.pdf\"><strong>Horace Engdahl, upplever och skriver i Dagens Nyheter om verket \u201d KORDA \u201d med Linda Forsman som dansaren och Lou T Lundqvist som ljuset<\/strong><\/a><\/span><\/p>\n<p><strong>&nbsp;<\/strong><\/p>\n<p><span style=\"font-size: medium;\"><a href=\"http:\/\/korda.org\/wp-content\/uploads\/2013\/04\/Anna-om-Tria1.pdf\"><strong>\u201d Hon lyssnar in\u00e5t och ut\u00e5t; utg\u00f6r en egen tidl\u00f6s st\u00e4mma i Lou T Lundqvists kollage av havsbrus och regn, medeltida flerst\u00e4mmig m\u00e4ssmusik.&nbsp; I Linda Forsmans mjuka intensitet paras n\u00e4rvaro med flyktighet. \u201d<\/strong><\/a><\/span><\/p>\n<p><span style=\"font-size: medium;\"><a href=\"http:\/\/korda.org\/wp-content\/uploads\/2013\/04\/Anna-om-Tria1.pdf\"><strong>Anna \u00c5ngstr\u00f6m om Tria \u2013 en dansad triptyk, Svenska Dagbladet<\/strong><\/a><\/span><\/p>\n<p>&nbsp;<\/p>\n<p><span style=\"font-size: medium;\"><a style=\"font-family: 'book antiqua', palatino;\" href=\"http:\/\/korda.org\/wp-content\/uploads\/2013\/04\/Janne-om-Nadir1.pdf\"><strong>\u201d Med blicken kan jag n\u00e5 ut till publiken. Det \u00e4r ett s\u00e4tt att be dem h\u00e4nga med p\u00e5 resan. Ibland m\u00f6ter publiken min blick och ibland inte. Men jag kan inte st\u00e4nga av den. F\u00f6r n\u00e4r jag dansar vill jag alltid f\u00f6rmedla n\u00e5got. Och d\u00e5 vill jag anv\u00e4nda hela min kropp. D\u00e5 blir mina fingrar lika betydelsefulla som mina \u00f6gon. \u201d<\/strong><\/a><\/span><\/p>\n<p><span style=\"font-size: medium;\"><strong><a href=\"http:\/\/korda.org\/wp-content\/uploads\/2013\/04\/Janne-om-Nadir1.pdf\">Linda Forsman ber\u00e4ttar <\/a><strong><a href=\"http:\/\/korda.org\/wp-content\/uploads\/2013\/04\/Janne-om-Nadir1.pdf\">f\u00f6r Jane Magnusson, Dagens Nyheter<\/a>&nbsp;<\/strong><a href=\"http:\/\/korda.org\/wp-content\/uploads\/2013\/04\/Janne-om-Nadir1.pdf\">om skapandet av kortfilmen Nadir, som visades vid The World Film Festival i Montreal<\/a>.<\/strong><\/span><\/p>\n<p><strong><em>&nbsp;<\/em><\/strong><\/p>\n<p><span style=\"font-size: medium;\"><a href=\"http:\/\/korda.org\/wp-content\/uploads\/2013\/04\/SVD-en-liten-varld1.pdf\"><strong>\u201d Koreografen Linda Forsman l\u00e5ter sig inte distraheras av samtidens vibbar. Hon lyssnar mer efter tidl\u00f6sa frekvenser: pulsslag i natur, andning och i dansen som s\u00e5dan \u2026 Hennes st\u00e4ndige samarbetspartner Lou T Lundqvist \u2026 Hans dunkla rum har lite av helgedom \u00f6ver sig, med tre gyllenvarma m\u00e5lningar i fonden. Det kontemplativa bryts av sm\u00e5 tavlor med r\u00f6da streck l\u00e4ngs v\u00e4ggarna. Dansen r\u00f6r sig mellan poler av stillhet och kraft till ljud av r\u00f6ster, f\u00e5glar, grodor och str\u00e5kar. \u201d<\/strong><\/a><\/span><\/p>\n<p><span style=\"font-size: medium;\"><a href=\"http:\/\/korda.org\/wp-content\/uploads\/2013\/04\/SVD-en-liten-varld1.pdf\"><strong>Anna \u00c5ngstr\u00f6m, Svenska Dagbladet, om Tres Voches<\/strong><\/a><\/span><\/p>\n<p><strong><em>&nbsp;<\/em><\/strong><\/p>\n<p><span style=\"font-size: medium;\"><a href=\"http:\/\/korda.org\/wp-content\/uploads\/2013\/04\/Dans_o_maleri1.pdf\"><strong>\u201d I en iskall tid vill vi skapa ett kraftfullt poetiskt skeende av v\u00e4rme, empati och n\u00e4ra m\u00f6ten som skrapar p\u00e5 ytan f\u00f6r att n\u00e5 in. \u201d<\/strong><\/a><\/span><\/p>\n<p><span style=\"font-size: medium;\"><a href=\"http:\/\/korda.org\/wp-content\/uploads\/2013\/04\/Dans_o_maleri1.pdf\"><strong>Linda Forsman om Tres Voches till Calle Pauli, Dagens Nyheter<\/strong><\/a><\/span><\/p>\n<p><strong><em>&nbsp;<\/em><\/strong><\/p>\n<p><span style=\"font-size: medium;\"><a href=\"http:\/\/korda.org\/wp-content\/uploads\/2013\/04\/duett11.pdf\"><strong>\u201d Swedish Linda Forsman \u2026 a smaller quicksilver colleague \u2026 Linda Forsman is not known yet in our country, but her quality is unquestionable. \u201d<\/strong><\/a><\/span><\/p>\n<p><span style=\"font-size: medium;\"><strong><a href=\"http:\/\/korda.org\/wp-content\/uploads\/2013\/04\/duett11.pdf\">Jan Bart i holl\u00e4ndska Het Parool om upplevelsen av Linda Forsman p\u00e5 Het Weem Theater i Amsterdam<\/a><\/strong><\/span><\/p>\n<p>&nbsp;<\/p>\n<p><span style=\"font-size: medium;\"><a href=\"http:\/\/korda.org\/wp-content\/uploads\/2013\/04\/Bodil-om-Scintilla1.pdf\"><strong>\u201d Rummet \u00e4r m\u00e5leriskt fantasifullt. Dramatiskt. Mitt i rummet sv\u00e4var en i olika f\u00e4rger melerad segelduk. Draperad som tak. L\u00e5nga tr\u00e4tiljor h\u00e4nger vertikalt och ramar in detta luftburna dr\u00f6mskepp &#8230; Scintilla betyder gnista p\u00e5 latin och f\u00f6r mig blir Linda Forsmans solo med utsl\u00e4ppt piskande h\u00e5r en gnista i f\u00f6rest\u00e4llningen. Hennes dans uppenbarar vr\u00e5r, skrymslen. Energin sk\u00f6ljer \u00f6ver scenen med st\u00e4ndiga kast och byten \u2026 Hon stannar upp och l\u00e5ter r\u00f6relsen vila i luften. Hon fyller \u00f6gonblicken med mystik och f\u00f6rbryllande v\u00e4ntan \u2026 Korda forts\u00e4tter att med ljus, bild och dans utforska ett poetiskt m\u00e5leriskt scenspr\u00e5k. \u201d<\/strong><\/a><\/span><\/p>\n<p><span style=\"font-size: medium;\"><a href=\"http:\/\/korda.org\/wp-content\/uploads\/2013\/04\/Bodil-om-Scintilla1.pdf\"><strong>Bodil Persson i Dagens Nyheter om Kordas verk Scintilla<\/strong><\/a><\/span><\/p>\n","protected":false},"excerpt":{"rendered":"<p>Recension GD 2023 &nbsp; \u201d De fyller i varandras tal, kompletterar varandras beskrivningar. Likadant g\u00f6r de n\u00e4r de arbetar fram en f\u00f6rest\u00e4llning \u2026 MENHIR bygger p\u00e5 en poetisk text av Linda som hon sedan gjort koreografin efter. Sedan kom dansarna &hellip; <a class=\"more-link\" href=\"http:\/\/korda.org\/?page_id=301\">L\u00e4s mer <span class=\"meta-nav\">&rarr;<\/span><\/a><\/p>\n","protected":false},"author":1,"featured_media":0,"parent":161,"menu_order":0,"comment_status":"closed","ping_status":"closed","template":"","meta":{"ngg_post_thumbnail":0,"footnotes":""},"class_list":["post-301","page","type-page","status-publish","hentry"],"_links":{"self":[{"href":"http:\/\/korda.org\/index.php?rest_route=\/wp\/v2\/pages\/301","targetHints":{"allow":["GET"]}}],"collection":[{"href":"http:\/\/korda.org\/index.php?rest_route=\/wp\/v2\/pages"}],"about":[{"href":"http:\/\/korda.org\/index.php?rest_route=\/wp\/v2\/types\/page"}],"author":[{"embeddable":true,"href":"http:\/\/korda.org\/index.php?rest_route=\/wp\/v2\/users\/1"}],"replies":[{"embeddable":true,"href":"http:\/\/korda.org\/index.php?rest_route=%2Fwp%2Fv2%2Fcomments&post=301"}],"version-history":[{"count":17,"href":"http:\/\/korda.org\/index.php?rest_route=\/wp\/v2\/pages\/301\/revisions"}],"predecessor-version":[{"id":1775,"href":"http:\/\/korda.org\/index.php?rest_route=\/wp\/v2\/pages\/301\/revisions\/1775"}],"up":[{"embeddable":true,"href":"http:\/\/korda.org\/index.php?rest_route=\/wp\/v2\/pages\/161"}],"wp:attachment":[{"href":"http:\/\/korda.org\/index.php?rest_route=%2Fwp%2Fv2%2Fmedia&parent=301"}],"curies":[{"name":"wp","href":"https:\/\/api.w.org\/{rel}","templated":true}]}}