{"id":712,"date":"2013-04-27T08:34:00","date_gmt":"2013-04-27T08:34:00","guid":{"rendered":"http:\/\/pc-mac.se\/word\/?page_id=712"},"modified":"2026-03-23T12:30:20","modified_gmt":"2026-03-23T11:30:20","slug":"aktuellt","status":"publish","type":"page","link":"http:\/\/korda.org\/?page_id=712","title":{"rendered":"Aktuellt"},"content":{"rendered":"<p><a href=\"http:\/\/korda.org\/?attachment_id=1966\">MENHIR II 10 min 2025<\/a><\/p>\n<p><strong><span style=\"font-size: 14pt;\">2026<\/span><\/strong><\/p>\n<p>Workshop med Linda Forsman<\/p>\n<p>13 Juni &#8211; 14 Juni&nbsp; Kl: 11.00 &#8211; 14.00<\/p>\n<p>Anm\u00e4lan \u00f6ppen.<\/p>\n<p><a href=\"http:\/\/korda.org\/?attachment_id=1964\" rel=\"attachment wp-att-1964\"><img loading=\"lazy\" decoding=\"async\" class=\"alignnone size-medium wp-image-1964\" src=\"http:\/\/korda.org\/wp-content\/uploads\/2026\/02\/Vinterstudion-Matses-2026-300x225.jpg\" alt=\"\" width=\"300\" height=\"225\" srcset=\"http:\/\/korda.org\/wp-content\/uploads\/2026\/02\/Vinterstudion-Matses-2026-300x225.jpg 300w, http:\/\/korda.org\/wp-content\/uploads\/2026\/02\/Vinterstudion-Matses-2026-1024x768.jpg 1024w, http:\/\/korda.org\/wp-content\/uploads\/2026\/02\/Vinterstudion-Matses-2026-768x576.jpg 768w, http:\/\/korda.org\/wp-content\/uploads\/2026\/02\/Vinterstudion-Matses-2026-1536x1152.jpg 1536w, http:\/\/korda.org\/wp-content\/uploads\/2026\/02\/Vinterstudion-Matses-2026-2048x1536.jpg 2048w, http:\/\/korda.org\/wp-content\/uploads\/2026\/02\/Vinterstudion-Matses-2026-400x300.jpg 400w\" sizes=\"auto, (max-width: 300px) 100vw, 300px\" \/><\/a><\/p>\n<p>Winterstudio at Matses<\/p>\n<p><span style=\"font-size: 10pt;\">&nbsp;<a href=\"http:\/\/korda.org\/?attachment_id=1777\" rel=\"attachment wp-att-1777\"><img loading=\"lazy\" decoding=\"async\" class=\"alignnone size-medium wp-image-1777\" src=\"http:\/\/korda.org\/wp-content\/uploads\/2025\/05\/Kerstin-Matilda-med-varsin-lind-300x200.jpg\" alt=\"\" width=\"300\" height=\"200\" srcset=\"http:\/\/korda.org\/wp-content\/uploads\/2025\/05\/Kerstin-Matilda-med-varsin-lind-300x200.jpg 300w, http:\/\/korda.org\/wp-content\/uploads\/2025\/05\/Kerstin-Matilda-med-varsin-lind-1024x683.jpg 1024w, http:\/\/korda.org\/wp-content\/uploads\/2025\/05\/Kerstin-Matilda-med-varsin-lind-768x512.jpg 768w, http:\/\/korda.org\/wp-content\/uploads\/2025\/05\/Kerstin-Matilda-med-varsin-lind-1536x1024.jpg 1536w, http:\/\/korda.org\/wp-content\/uploads\/2025\/05\/Kerstin-Matilda-med-varsin-lind-2048x1365.jpg 2048w, http:\/\/korda.org\/wp-content\/uploads\/2025\/05\/Kerstin-Matilda-med-varsin-lind-450x300.jpg 450w\" sizes=\"auto, (max-width: 300px) 100vw, 300px\" \/><\/a><\/span><\/p>\n<div id=\"attachment_1818\" style=\"width: 310px\" class=\"wp-caption alignnone\"><a href=\"http:\/\/korda.org\/?attachment_id=1818\" rel=\"attachment wp-att-1818\"><img loading=\"lazy\" decoding=\"async\" aria-describedby=\"caption-attachment-1818\" class=\"size-medium wp-image-1818\" src=\"http:\/\/korda.org\/wp-content\/uploads\/2025\/06\/Lotta-Gahrton-Lars-B-Almkvist.-\u00a9Foto-Lou-T-Lundqvist-300x200.jpg\" alt=\"Lotta Gahrton and Lars B Almkvist among the TREESPRITS by Olle Magnusson.\" width=\"300\" height=\"200\" srcset=\"http:\/\/korda.org\/wp-content\/uploads\/2025\/06\/Lotta-Gahrton-Lars-B-Almkvist.-\u00a9Foto-Lou-T-Lundqvist-300x200.jpg 300w, http:\/\/korda.org\/wp-content\/uploads\/2025\/06\/Lotta-Gahrton-Lars-B-Almkvist.-\u00a9Foto-Lou-T-Lundqvist-1024x683.jpg 1024w, http:\/\/korda.org\/wp-content\/uploads\/2025\/06\/Lotta-Gahrton-Lars-B-Almkvist.-\u00a9Foto-Lou-T-Lundqvist-768x512.jpg 768w, http:\/\/korda.org\/wp-content\/uploads\/2025\/06\/Lotta-Gahrton-Lars-B-Almkvist.-\u00a9Foto-Lou-T-Lundqvist-1536x1024.jpg 1536w, http:\/\/korda.org\/wp-content\/uploads\/2025\/06\/Lotta-Gahrton-Lars-B-Almkvist.-\u00a9Foto-Lou-T-Lundqvist-2048x1365.jpg 2048w, http:\/\/korda.org\/wp-content\/uploads\/2025\/06\/Lotta-Gahrton-Lars-B-Almkvist.-\u00a9Foto-Lou-T-Lundqvist-450x300.jpg 450w\" sizes=\"auto, (max-width: 300px) 100vw, 300px\" \/><\/a><p id=\"caption-attachment-1818\" class=\"wp-caption-text\">Lotta Gahrton and Lars B Almkvist among the TREESPIRITS by Olle Magnusson.<\/p><\/div>\n<div>\n<div id=\"attachment_1715\" style=\"width: 310px\" class=\"wp-caption alignnone\"><a href=\"https:\/\/korda.org\/?attachment_id=1715\" rel=\"attachment wp-att-1715\"><img loading=\"lazy\" decoding=\"async\" aria-describedby=\"caption-attachment-1715\" class=\"size-medium wp-image-1715\" src=\"http:\/\/korda.org\/wp-content\/uploads\/2024\/08\/Linda-Forsman-Julyen-Hamilton-Gavia-Pelion-24-jpeg-7.6mb-300x119.jpg\" alt=\"\" width=\"300\" height=\"119\" srcset=\"http:\/\/korda.org\/wp-content\/uploads\/2024\/08\/Linda-Forsman-Julyen-Hamilton-Gavia-Pelion-24-jpeg-7.6mb-300x119.jpg 300w, http:\/\/korda.org\/wp-content\/uploads\/2024\/08\/Linda-Forsman-Julyen-Hamilton-Gavia-Pelion-24-jpeg-7.6mb-1024x405.jpg 1024w, http:\/\/korda.org\/wp-content\/uploads\/2024\/08\/Linda-Forsman-Julyen-Hamilton-Gavia-Pelion-24-jpeg-7.6mb-768x304.jpg 768w, http:\/\/korda.org\/wp-content\/uploads\/2024\/08\/Linda-Forsman-Julyen-Hamilton-Gavia-Pelion-24-jpeg-7.6mb-1536x607.jpg 1536w, http:\/\/korda.org\/wp-content\/uploads\/2024\/08\/Linda-Forsman-Julyen-Hamilton-Gavia-Pelion-24-jpeg-7.6mb-2048x810.jpg 2048w, http:\/\/korda.org\/wp-content\/uploads\/2024\/08\/Linda-Forsman-Julyen-Hamilton-Gavia-Pelion-24-jpeg-7.6mb-500x198.jpg 500w\" sizes=\"auto, (max-width: 300px) 100vw, 300px\" \/><\/a><p id=\"caption-attachment-1715\" class=\"wp-caption-text\">Julyen Hamilton and Linda Forsman<\/p><\/div>\n<div id=\"attachment_1751\" style=\"width: 310px\" class=\"wp-caption alignnone\"><a href=\"http:\/\/korda.org\/?attachment_id=1751\" rel=\"attachment wp-att-1751\"><img loading=\"lazy\" decoding=\"async\" aria-describedby=\"caption-attachment-1751\" class=\"size-medium wp-image-1751\" src=\"http:\/\/korda.org\/wp-content\/uploads\/2025\/04\/\u00a9Lou-T-Lundqvist.-Duet.-300x200.jpg\" alt=\"Julyen Hamilton and Linda Forsman dances\" width=\"300\" height=\"200\" srcset=\"http:\/\/korda.org\/wp-content\/uploads\/2025\/04\/\u00a9Lou-T-Lundqvist.-Duet.-300x200.jpg 300w, http:\/\/korda.org\/wp-content\/uploads\/2025\/04\/\u00a9Lou-T-Lundqvist.-Duet.-1024x683.jpg 1024w, http:\/\/korda.org\/wp-content\/uploads\/2025\/04\/\u00a9Lou-T-Lundqvist.-Duet.-768x512.jpg 768w, http:\/\/korda.org\/wp-content\/uploads\/2025\/04\/\u00a9Lou-T-Lundqvist.-Duet.-1536x1024.jpg 1536w, http:\/\/korda.org\/wp-content\/uploads\/2025\/04\/\u00a9Lou-T-Lundqvist.-Duet.-2048x1365.jpg 2048w, http:\/\/korda.org\/wp-content\/uploads\/2025\/04\/\u00a9Lou-T-Lundqvist.-Duet.-450x300.jpg 450w\" sizes=\"auto, (max-width: 300px) 100vw, 300px\" \/><\/a><p id=\"caption-attachment-1751\" class=\"wp-caption-text\">Julyen Hamilton and Linda Forsman dances<\/p><\/div>\n<div id=\"attachment_1705\" style=\"width: 310px\" class=\"wp-caption alignnone\"><a href=\"http:\/\/korda.org\/?attachment_id=1705\" rel=\"attachment wp-att-1705\"><img loading=\"lazy\" decoding=\"async\" aria-describedby=\"caption-attachment-1705\" class=\"size-medium wp-image-1705\" src=\"http:\/\/korda.org\/wp-content\/uploads\/2024\/08\/\u00a9Bluedog-Publishing.-Juyen-Hamilton-300x259.jpeg\" alt=\"G\u00e4stspel av Julyen Hamilton\" width=\"300\" height=\"259\" srcset=\"http:\/\/korda.org\/wp-content\/uploads\/2024\/08\/\u00a9Bluedog-Publishing.-Juyen-Hamilton-300x259.jpeg 300w, http:\/\/korda.org\/wp-content\/uploads\/2024\/08\/\u00a9Bluedog-Publishing.-Juyen-Hamilton-1024x885.jpeg 1024w, http:\/\/korda.org\/wp-content\/uploads\/2024\/08\/\u00a9Bluedog-Publishing.-Juyen-Hamilton-768x664.jpeg 768w, http:\/\/korda.org\/wp-content\/uploads\/2024\/08\/\u00a9Bluedog-Publishing.-Juyen-Hamilton-347x300.jpeg 347w, http:\/\/korda.org\/wp-content\/uploads\/2024\/08\/\u00a9Bluedog-Publishing.-Juyen-Hamilton.jpeg 1283w\" sizes=\"auto, (max-width: 300px) 100vw, 300px\" \/><\/a><p id=\"caption-attachment-1705\" class=\"wp-caption-text\">Julyen Hamilton dancing<\/p><\/div>\n<p>&nbsp;<\/p>\n<p><a href=\"http:\/\/korda.org\/?attachment_id=1863\" rel=\"attachment wp-att-1863\"><img loading=\"lazy\" decoding=\"async\" class=\"alignnone size-medium wp-image-1863\" src=\"http:\/\/korda.org\/wp-content\/uploads\/2025\/08\/JH-in-Anonymous-Sweden-2025-300x223.jpg\" alt=\"Solo Julyen Hamilton\" width=\"300\" height=\"223\" srcset=\"http:\/\/korda.org\/wp-content\/uploads\/2025\/08\/JH-in-Anonymous-Sweden-2025-300x223.jpg 300w, http:\/\/korda.org\/wp-content\/uploads\/2025\/08\/JH-in-Anonymous-Sweden-2025-1024x760.jpg 1024w, http:\/\/korda.org\/wp-content\/uploads\/2025\/08\/JH-in-Anonymous-Sweden-2025-768x570.jpg 768w, http:\/\/korda.org\/wp-content\/uploads\/2025\/08\/JH-in-Anonymous-Sweden-2025-404x300.jpg 404w, http:\/\/korda.org\/wp-content\/uploads\/2025\/08\/JH-in-Anonymous-Sweden-2025.jpg 1045w\" sizes=\"auto, (max-width: 300px) 100vw, 300px\" \/><\/a><\/p>\n<p>Julyen Hamilton in Solo Anonymous<\/p>\n<p><a href=\"http:\/\/korda.org\/?attachment_id=1869\" rel=\"attachment wp-att-1869\"><img loading=\"lazy\" decoding=\"async\" class=\"size-medium wp-image-1869\" src=\"http:\/\/korda.org\/wp-content\/uploads\/2025\/08\/Screenshot-2025-08-10-at-09.30.08-300x202.png\" alt=\"Linda Forsman and Eleni Pantazatou\" width=\"300\" height=\"202\" srcset=\"http:\/\/korda.org\/wp-content\/uploads\/2025\/08\/Screenshot-2025-08-10-at-09.30.08-300x202.png 300w, http:\/\/korda.org\/wp-content\/uploads\/2025\/08\/Screenshot-2025-08-10-at-09.30.08-1024x688.png 1024w, http:\/\/korda.org\/wp-content\/uploads\/2025\/08\/Screenshot-2025-08-10-at-09.30.08-768x516.png 768w, http:\/\/korda.org\/wp-content\/uploads\/2025\/08\/Screenshot-2025-08-10-at-09.30.08-1536x1033.png 1536w, http:\/\/korda.org\/wp-content\/uploads\/2025\/08\/Screenshot-2025-08-10-at-09.30.08-2048x1377.png 2048w, http:\/\/korda.org\/wp-content\/uploads\/2025\/08\/Screenshot-2025-08-10-at-09.30.08-446x300.png 446w\" sizes=\"auto, (max-width: 300px) 100vw, 300px\" \/><\/a><\/p>\n<p>Eleni Pantazatou and&nbsp;<span class=\"xv78j7m\">Linda Forsman in Duet<\/span><\/p>\n<p><a href=\"http:\/\/korda.org\/?attachment_id=1870\" rel=\"attachment wp-att-1870\"><img loading=\"lazy\" decoding=\"async\" class=\"alignnone size-medium wp-image-1870\" src=\"http:\/\/korda.org\/wp-content\/uploads\/2025\/08\/Screenshot-2025-08-10-at-09.33.45-300x283.png\" alt=\"Linda Forsman and Eleni Pantazatou\" width=\"300\" height=\"283\" srcset=\"http:\/\/korda.org\/wp-content\/uploads\/2025\/08\/Screenshot-2025-08-10-at-09.33.45-300x283.png 300w, http:\/\/korda.org\/wp-content\/uploads\/2025\/08\/Screenshot-2025-08-10-at-09.33.45-1024x965.png 1024w, http:\/\/korda.org\/wp-content\/uploads\/2025\/08\/Screenshot-2025-08-10-at-09.33.45-768x724.png 768w, http:\/\/korda.org\/wp-content\/uploads\/2025\/08\/Screenshot-2025-08-10-at-09.33.45-1536x1448.png 1536w, http:\/\/korda.org\/wp-content\/uploads\/2025\/08\/Screenshot-2025-08-10-at-09.33.45-2048x1930.png 2048w, http:\/\/korda.org\/wp-content\/uploads\/2025\/08\/Screenshot-2025-08-10-at-09.33.45-318x300.png 318w\" sizes=\"auto, (max-width: 300px) 100vw, 300px\" \/><\/a><\/p>\n<p>Eleni Pantazatou and&nbsp;<span class=\"xv78j7m\">Linda Forsman in Duet<\/span><\/p>\n<p><a href=\"http:\/\/korda.org\/?attachment_id=1872\" rel=\"attachment wp-att-1872\"><img loading=\"lazy\" decoding=\"async\" class=\"alignnone size-medium wp-image-1872\" src=\"http:\/\/korda.org\/wp-content\/uploads\/2025\/08\/Screenshot-2025-08-10-at-09.34.21-300x185.png\" alt=\"\" width=\"300\" height=\"185\" srcset=\"http:\/\/korda.org\/wp-content\/uploads\/2025\/08\/Screenshot-2025-08-10-at-09.34.21-300x185.png 300w, http:\/\/korda.org\/wp-content\/uploads\/2025\/08\/Screenshot-2025-08-10-at-09.34.21-1024x630.png 1024w, http:\/\/korda.org\/wp-content\/uploads\/2025\/08\/Screenshot-2025-08-10-at-09.34.21-768x473.png 768w, http:\/\/korda.org\/wp-content\/uploads\/2025\/08\/Screenshot-2025-08-10-at-09.34.21-1536x945.png 1536w, http:\/\/korda.org\/wp-content\/uploads\/2025\/08\/Screenshot-2025-08-10-at-09.34.21-2048x1260.png 2048w, http:\/\/korda.org\/wp-content\/uploads\/2025\/08\/Screenshot-2025-08-10-at-09.34.21-488x300.png 488w\" sizes=\"auto, (max-width: 300px) 100vw, 300px\" \/><\/a><\/p>\n<p><span style=\"font-size: 14pt;\"><strong>2026<\/strong><\/span><\/p>\n<p>New information, coming soon!<\/p>\n<p>&nbsp;<\/p>\n<p><span style=\"font-size: 14pt;\"><strong>2025<\/strong><\/span><\/p>\n<p>Linda Forsman, KORDA Art in Motion created the piece&nbsp; <strong>The Song of the Cranes<\/strong> in collaboration with Ulrika Nilsson at the Culture School in G\u00e4vle.<\/p>\n<p><strong>The Song of the Cranes<\/strong> with the Dance-students between 11 year and 18 year Culture School in G\u00e4vle. The piece will include Old Dances from G\u00e4strikland and is a meeting between new choreography and FolkDances. The project wishes to increase interest in Folk dance among children and young people. The Dance students will also learn and train parts of the Windwitch Technique.<\/p>\n<p>The piece was premiered at the Folk Music Festival in S\u00f6derhamn the 15 of November and performed at The Culture School in G\u00e4vle the 30th of November.<\/p>\n<p>The Song of The Cranes<\/p>\n<p>Choreography: Linda Forsman<\/p>\n<p>Choreography Assistant: Ulrika Nilsson<\/p>\n<p>Musician: Christoph Neugebauer<\/p>\n<p>DANCERS : The small Dancecompany and The big Dancecompany at the Culture School G\u00e4vle.<\/p>\n<p>&nbsp;<\/p>\n<pre id=\"tw-target-text\" class=\"tw-data-text tw-text-large tw-ta\" dir=\"ltr\" tabindex=\"-1\" role=\"text\" data-placeholder=\"\u00d6vers\u00e4ttning\" data-ved=\"2ahUKEwiZgdmD8LyQAxVDKhAIHUJgEk4Q3ewLegQICxAV\" aria-label=\"\u00d6versatt text: \u201cContemporary dance and choreography meets Guest Dances\u201d\"><span style=\"font-size: 12pt;\"><strong>KORDA Art<\/strong> in collaboration with <strong>Lotta Gahrton Prod.<\/strong> presented performances and workshops in Tensta during 6th of September - 20th of September.&nbsp;<\/span><\/pre>\n<p><strong><span style=\"font-size: 12pt;\">Premiere of the piece MOVING FORMS the 20th of September at the Blue House in Tensta.<\/span><\/strong><\/p>\n<div id=\"attachment_1906\" style=\"width: 224px\" class=\"wp-caption alignnone\"><a href=\"https:\/\/korda.org\/?attachment_id=1906\" rel=\"attachment wp-att-1906\"><img loading=\"lazy\" decoding=\"async\" aria-describedby=\"caption-attachment-1906\" class=\"size-medium wp-image-1906\" src=\"http:\/\/korda.org\/wp-content\/uploads\/2025\/09\/Moving-Form-Forestallning-A4form-Foto-Lou-T-Lundqvist-214x300.jpg\" alt=\"\" width=\"214\" height=\"300\" srcset=\"http:\/\/korda.org\/wp-content\/uploads\/2025\/09\/Moving-Form-Forestallning-A4form-Foto-Lou-T-Lundqvist-214x300.jpg 214w, http:\/\/korda.org\/wp-content\/uploads\/2025\/09\/Moving-Form-Forestallning-A4form-Foto-Lou-T-Lundqvist-731x1024.jpg 731w, http:\/\/korda.org\/wp-content\/uploads\/2025\/09\/Moving-Form-Forestallning-A4form-Foto-Lou-T-Lundqvist-768x1075.jpg 768w, http:\/\/korda.org\/wp-content\/uploads\/2025\/09\/Moving-Form-Forestallning-A4form-Foto-Lou-T-Lundqvist-1097x1536.jpg 1097w, http:\/\/korda.org\/wp-content\/uploads\/2025\/09\/Moving-Form-Forestallning-A4form-Foto-Lou-T-Lundqvist-1463x2048.jpg 1463w, http:\/\/korda.org\/wp-content\/uploads\/2025\/09\/Moving-Form-Forestallning-A4form-Foto-Lou-T-Lundqvist-scaled.jpg 1829w\" sizes=\"auto, (max-width: 214px) 100vw, 214px\" \/><\/a><p id=\"caption-attachment-1906\" class=\"wp-caption-text\">MOVING FORMS<\/p><\/div>\n<p><span style=\"font-size: 12pt;\">KORDA Art presented a wonderful program in the summer season which started with Guestperformance by Lotta Gahrton and Lars B Almkvist, 27th of June, continued with SOLO BIRD II&nbsp;a new solo by Linda Forsman, music by Lou T Lundqvist, and Poetry by Visual Artist H\u00e5kan Blomkvist, performances 18th &#8211; 20th of July to continue with a very appreciated Workshop with Julyen Hamilton at Matsesgarden Stigsbo the 2nd and 3rd of August. Members of the Network Dance in Dalarna and Kordas Mondaygroup were&nbsp;very happy.<\/span><\/p>\n<p><a href=\"http:\/\/korda.org\/?attachment_id=1874\" rel=\"attachment wp-att-1874\"><img loading=\"lazy\" decoding=\"async\" class=\"size-medium wp-image-1874\" src=\"http:\/\/korda.org\/wp-content\/uploads\/2025\/08\/Screenshot-2025-05-31-at-19.51.43-300x116.png\" alt=\"\" width=\"300\" height=\"116\" srcset=\"http:\/\/korda.org\/wp-content\/uploads\/2025\/08\/Screenshot-2025-05-31-at-19.51.43-300x116.png 300w, http:\/\/korda.org\/wp-content\/uploads\/2025\/08\/Screenshot-2025-05-31-at-19.51.43-1024x395.png 1024w, http:\/\/korda.org\/wp-content\/uploads\/2025\/08\/Screenshot-2025-05-31-at-19.51.43-768x296.png 768w, http:\/\/korda.org\/wp-content\/uploads\/2025\/08\/Screenshot-2025-05-31-at-19.51.43-1536x592.png 1536w, http:\/\/korda.org\/wp-content\/uploads\/2025\/08\/Screenshot-2025-05-31-at-19.51.43-2048x789.png 2048w, http:\/\/korda.org\/wp-content\/uploads\/2025\/08\/Screenshot-2025-05-31-at-19.51.43-500x193.png 500w\" sizes=\"auto, (max-width: 300px) 100vw, 300px\" \/><\/a><\/p>\n<p>Julyen Hamilton and Company<\/p>\n<div>\n<div><span style=\"font-size: 14pt;\">Guestperformance Julyen Hamilton<\/span><\/div>\n<p><span style=\"font-size: 12pt;\">Matsesg\u00e5rden Stigsbo had guest artists from Greece and Spain and together we present new solo and group works in our unique environment, which creates such a theatrical decor.<\/span><\/p>\n<p><strong>PREMIERE MENHIR II&nbsp;: 6 August &nbsp;19.00 &nbsp;<\/strong><\/p>\n<p>Performances <strong>7 August and 8 August&nbsp;<\/strong><\/p>\n<p>Choreography &amp; Dance : Julyen Hamilton, Linda Forsman and Eleni Pantazatou<\/p>\n<p>New Music : Lou T Lundqvist<\/p>\n<p>Text\/ Poetry: Julyen Hamilton and Eleni Pantazatou<\/p>\n<\/div>\n<p><span style=\"font-size: 14pt;\"><strong>ART EXHIBITION<\/strong><\/span><\/p>\n<p>Art Exhibition in Gallery Klingbyggningen &#8211; Sunday 13th of July to Sunday 31st of August at 13.00 &#8211; 16:00&nbsp;<\/p>\n<p>The Exhibition was opened by \u00c5ke Bengtsson, the president of Folkets Hus och Park i Hofors<\/p>\n<p>Works by Lars Boberg, Stefan Fransson, Maria Hamberg, Karl Valve, Olle Magnusson, Marie Nor\u00e9e, \u00c5sa Kvissberg, Kristina Alexandersson Malmberg, Lou T Lundqvist&nbsp;<\/p>\n<p><strong>13\/7 &#8211; 31\/8 &nbsp;&#8211; Opening Hours: Wednesday &#8211; Sunday 13.00 &#8211; 16.00&nbsp;<\/strong><\/p>\n<div id=\"attachment_1844\" style=\"width: 223px\" class=\"wp-caption alignnone\"><a href=\"http:\/\/korda.org\/?attachment_id=1844\" rel=\"attachment wp-att-1844\"><img loading=\"lazy\" decoding=\"async\" aria-describedby=\"caption-attachment-1844\" class=\"size-medium wp-image-1844\" src=\"http:\/\/korda.org\/wp-content\/uploads\/2025\/07\/KAIM-Utstallningen-2025-213x300.jpg\" alt=\"\" width=\"213\" height=\"300\" srcset=\"http:\/\/korda.org\/wp-content\/uploads\/2025\/07\/KAIM-Utstallningen-2025-213x300.jpg 213w, http:\/\/korda.org\/wp-content\/uploads\/2025\/07\/KAIM-Utstallningen-2025.jpg 604w\" sizes=\"auto, (max-width: 213px) 100vw, 213px\" \/><\/a><p id=\"caption-attachment-1844\" class=\"wp-caption-text\">Art Exhibition at Matsesgarden Stigsbo<\/p><\/div>\n<p><a href=\"http:\/\/korda.org\/?attachment_id=1846\" rel=\"attachment wp-att-1846\"><img loading=\"lazy\" decoding=\"async\" class=\"alignnone size-medium wp-image-1846\" src=\"http:\/\/korda.org\/wp-content\/uploads\/2025\/07\/KAIM-Dansblad-A5-2025-213x300.jpg\" alt=\"Dance Performance in The Garden\" width=\"213\" height=\"300\" srcset=\"http:\/\/korda.org\/wp-content\/uploads\/2025\/07\/KAIM-Dansblad-A5-2025-213x300.jpg 213w, http:\/\/korda.org\/wp-content\/uploads\/2025\/07\/KAIM-Dansblad-A5-2025.jpg 604w\" sizes=\"auto, (max-width: 213px) 100vw, 213px\" \/><\/a><\/p>\n<\/div>\n<p><span style=\"font-size: 14pt;\">Danceperformance in the Garden<\/span><\/p>\n<div>\n<p><span style=\"font-size: 12pt;\">SOLO BIRD II &#8211; Solo performance in the Garden Matsesg\u00e5rden Stigsbo.<\/span><\/p>\n<p>Choreography &#8211; Dance : Linda Forsman.&nbsp;Elektroacoustic music: Lou T Lundqvist.<\/p>\n<p>Poetry : Visual Artist H\u00e5kan Blomkvist<\/p>\n<p>18 July 19.00 Premiere, Danceperformance in The Garden<\/p>\n<p>Performances 19 July and 20 July<\/p>\n<p>In SOLO BIRD II, Linda Forsman started out in the forest, among firs, pines, larches, ferns and moss.The audience then followed her to the Garden at Matsesg\u00e5rden Stigsbo and on to the stage between the fires at Matsesg\u00e5rden Stigsbo.<\/p>\n<p>Linda Forsman began working with the Forest as a theme in TIDSF\u00c5GLAR, a commissioned work by Dans i Nord, with the dancers Lenitha Hedqvist, Patrik H\u00e4ggstr\u00f6m, Marina Palovaara and Gita Sandberg in Pite\u00e5 in 2003. Since then, the theme of the forest has been part of her work and has been featured in several dance works.<\/p>\n<\/div>\n<div>\n<p><span style=\"font-size: 14pt;\">Summer 2025<\/span><\/p>\n<div id=\"attachment_1818\" style=\"width: 310px\" class=\"wp-caption alignnone\"><a href=\"http:\/\/korda.org\/?attachment_id=1818\" rel=\"attachment wp-att-1818\"><img loading=\"lazy\" decoding=\"async\" aria-describedby=\"caption-attachment-1818\" class=\"size-medium wp-image-1818\" src=\"http:\/\/korda.org\/wp-content\/uploads\/2025\/06\/Lotta-Gahrton-Lars-B-Almkvist.-\u00a9Foto-Lou-T-Lundqvist-300x200.jpg\" alt=\"Lotta Gahrton and Lars B Almkvist among the TREESPRITS by Olle Magnusson.\" width=\"300\" height=\"200\" srcset=\"http:\/\/korda.org\/wp-content\/uploads\/2025\/06\/Lotta-Gahrton-Lars-B-Almkvist.-\u00a9Foto-Lou-T-Lundqvist-300x200.jpg 300w, http:\/\/korda.org\/wp-content\/uploads\/2025\/06\/Lotta-Gahrton-Lars-B-Almkvist.-\u00a9Foto-Lou-T-Lundqvist-1024x683.jpg 1024w, http:\/\/korda.org\/wp-content\/uploads\/2025\/06\/Lotta-Gahrton-Lars-B-Almkvist.-\u00a9Foto-Lou-T-Lundqvist-768x512.jpg 768w, http:\/\/korda.org\/wp-content\/uploads\/2025\/06\/Lotta-Gahrton-Lars-B-Almkvist.-\u00a9Foto-Lou-T-Lundqvist-1536x1024.jpg 1536w, http:\/\/korda.org\/wp-content\/uploads\/2025\/06\/Lotta-Gahrton-Lars-B-Almkvist.-\u00a9Foto-Lou-T-Lundqvist-2048x1365.jpg 2048w, http:\/\/korda.org\/wp-content\/uploads\/2025\/06\/Lotta-Gahrton-Lars-B-Almkvist.-\u00a9Foto-Lou-T-Lundqvist-450x300.jpg 450w\" sizes=\"auto, (max-width: 300px) 100vw, 300px\" \/><\/a><p id=\"caption-attachment-1818\" class=\"wp-caption-text\">Lotta Gahrton and Lars B Almkvist among the TREESPIRITS by Olle Magnusson.<\/p><\/div>\n<p>27 June 19.00 Danceperformance in the Garden. &nbsp;<\/p>\n<p>KORDA Art &amp; Lotta Gahrton Prod. We created Garden Quartet and danced among the TREESPIRITS by Olle Magnusson. And inside at the stage in the attic at Matsesgarden Stigsbo.<\/p>\n<p>Choreography and Dance : Linda Forsman and Lotta Gahrton<\/p>\n<p>Music : Lou T Lundqvist and Lars B Almkvist<\/p>\n<p><span style=\"font-size: 14pt;\">Spring 2025<\/span><\/p>\n<p>We created Dance at Bruksmuseet specially for Bruksmuseet in Kloster as part of HusbyRingen on the 17th of Maj 2025.&nbsp;KORDA Art in Motion perform in collaboration with the Culturedepartment in Hedemora. The project is a Pop \u2013 Up performance for the summer at Matsesg\u00e5rden Stigsbo.<\/p>\n<p>17th of May at 14.00 &nbsp;Bruksmuseet in Kloster, Hedemora kommun.<\/p>\n<p>A Duo, with Linda Forsman and Lotta Gahrton in a collaboration between KORDA Art in Motion and Lotta Gahrton Prod.<\/p>\n<p>Choreography and Dance : Linda Forsman and Lotta Gahrton<\/p>\n<p>Music : Lou T Lundqvist and Lars B Almkvist<\/p>\n<p><a href=\"http:\/\/korda.org\/?attachment_id=1780\" rel=\"attachment wp-att-1780\"><img loading=\"lazy\" decoding=\"async\" class=\"alignnone size-medium wp-image-1780\" src=\"http:\/\/korda.org\/wp-content\/uploads\/2025\/05\/Haftigt-med-kappan-300x200.jpg\" alt=\"\" width=\"300\" height=\"200\" srcset=\"http:\/\/korda.org\/wp-content\/uploads\/2025\/05\/Haftigt-med-kappan-300x200.jpg 300w, http:\/\/korda.org\/wp-content\/uploads\/2025\/05\/Haftigt-med-kappan-1024x682.jpg 1024w, http:\/\/korda.org\/wp-content\/uploads\/2025\/05\/Haftigt-med-kappan-768x512.jpg 768w, http:\/\/korda.org\/wp-content\/uploads\/2025\/05\/Haftigt-med-kappan-1536x1024.jpg 1536w, http:\/\/korda.org\/wp-content\/uploads\/2025\/05\/Haftigt-med-kappan-450x300.jpg 450w, http:\/\/korda.org\/wp-content\/uploads\/2025\/05\/Haftigt-med-kappan.jpg 1559w\" sizes=\"auto, (max-width: 300px) 100vw, 300px\" \/><\/a><a href=\"http:\/\/korda.org\/?attachment_id=1781\" rel=\"attachment wp-att-1781\"><img loading=\"lazy\" decoding=\"async\" class=\"alignnone size-medium wp-image-1781\" src=\"http:\/\/korda.org\/wp-content\/uploads\/2025\/05\/Glantan-Lotta-2-300x274.jpg\" alt=\"\" width=\"300\" height=\"274\" srcset=\"http:\/\/korda.org\/wp-content\/uploads\/2025\/05\/Glantan-Lotta-2-300x274.jpg 300w, http:\/\/korda.org\/wp-content\/uploads\/2025\/05\/Glantan-Lotta-2-1024x934.jpg 1024w, http:\/\/korda.org\/wp-content\/uploads\/2025\/05\/Glantan-Lotta-2-768x700.jpg 768w, http:\/\/korda.org\/wp-content\/uploads\/2025\/05\/Glantan-Lotta-2-1536x1401.jpg 1536w, http:\/\/korda.org\/wp-content\/uploads\/2025\/05\/Glantan-Lotta-2-2048x1868.jpg 2048w, http:\/\/korda.org\/wp-content\/uploads\/2025\/05\/Glantan-Lotta-2-329x300.jpg 329w\" sizes=\"auto, (max-width: 300px) 100vw, 300px\" \/><\/a><\/p>\n<p>&nbsp;<\/p>\n<\/div>\n<p>Julyen Hamilton, Linda Forsman and Lou T Lundqvist performed at OVANSJ\u00d6FESTEN, stage 4, SYRENEN, Folkets Hus, Sandviken the 26th of April 2025.<\/p>\n<p>A new collaboration with Lotta Gahrton Prod. Stockholm. Linda Forsman and Lotta Gahrton starts a new journey with a piece Moving Forms that will be performed at Matsesgarden Stigsbo and at the BLUE HOUSE in Tensta, Stockholm in the autumn of 2025. &nbsp;<\/p>\n<p>KORDA also continues the work with danceart and visual art close to the nature and the forests in Dalarna and G\u00e4vleborg. Visit the Forest Garden and new experiences of dance and visual art at Matsesgarden Stigsbo.<\/p>\n<p>Julyen Hamilton will come back as a guest choreographer and guest artist 1st of August &#8211; 10th of &nbsp;August 2025.<\/p>\n<p>&nbsp;<\/p>\n<p><span style=\"font-size: 14pt;\">MONDAYGROUP<\/span><\/p>\n<p><span style=\"font-size: 12pt;\">Classes continues Autumn 2025<\/span><\/p>\n<p><span class=\"\" style=\"font-family: Arial; font-size: 12pt;\">16:30 \u2013 18.00&nbsp;<\/span><\/p>\n<p class=\"\"><span class=\"\" style=\"font-family: Arial; font-size: 12pt;\">Starting Monday &nbsp;15\/9&nbsp;<\/span><\/p>\n<p><span style=\"font-size: 12pt;\">At CCAP- K\u00f6rsb\u00e4rsv\u00e4gen 9 NB.<\/span><\/p>\n<p>Secure your place:&nbsp;<a href=\"linda@korda.org\">linda@korda.org<\/a><\/p>\n<p>&nbsp;<\/p>\n<p>KORDAs new Videos at Vimeo<\/p>\n<p>Make sure you are on Firefox.<\/p>\n<p><a href=\"https:\/\/vimeo.com\/user23324856\">https:\/\/vimeo.com\/user23324856<\/a><\/p>\n<p>&nbsp;<\/p>\n<p><b>QUINTAL II A<\/b><\/p>\n<p><a href=\"https:\/\/vimeo.com\/1049287166\">https:\/\/vimeo.com\/1049287166<\/a><\/p>\n<p>&nbsp;<\/p>\n<p><b>HIRUNDO<\/b><\/p>\n<p><a href=\"https:\/\/vimeo.com\/1049355489\">https:\/\/vimeo.com\/1049355489<\/a><\/p>\n<p>&nbsp;<\/p>\n<p>&nbsp;<\/p>\n<p>&nbsp;<\/p>\n<div id=\"attachment_1730\" style=\"width: 310px\" class=\"wp-caption alignnone\"><a href=\"https:\/\/korda.org\/?attachment_id=1730\" rel=\"attachment wp-att-1730\"><img loading=\"lazy\" decoding=\"async\" aria-describedby=\"caption-attachment-1730\" class=\"size-medium wp-image-1730\" src=\"http:\/\/korda.org\/wp-content\/uploads\/2024\/12\/Elise-Linda-i-Gavle-300x225.jpg\" alt=\"Solos for Grand Piano\" width=\"300\" height=\"225\" srcset=\"http:\/\/korda.org\/wp-content\/uploads\/2024\/12\/Elise-Linda-i-Gavle-300x225.jpg 300w, http:\/\/korda.org\/wp-content\/uploads\/2024\/12\/Elise-Linda-i-Gavle-1024x768.jpg 1024w, http:\/\/korda.org\/wp-content\/uploads\/2024\/12\/Elise-Linda-i-Gavle-768x576.jpg 768w, http:\/\/korda.org\/wp-content\/uploads\/2024\/12\/Elise-Linda-i-Gavle-1536x1152.jpg 1536w, http:\/\/korda.org\/wp-content\/uploads\/2024\/12\/Elise-Linda-i-Gavle-2048x1536.jpg 2048w, http:\/\/korda.org\/wp-content\/uploads\/2024\/12\/Elise-Linda-i-Gavle-400x300.jpg 400w\" sizes=\"auto, (max-width: 300px) 100vw, 300px\" \/><\/a><p id=\"caption-attachment-1730\" class=\"wp-caption-text\">Solos for Grand Piano<\/p><\/div>\n<div>\n<p><strong><span style=\"font-size: 14pt;\">2024<\/span><\/strong><\/p>\n<\/div>\n<p><span style=\"font-size: 14pt;\"><strong>Cultural Center Matsesg\u00e5rden Stigsbo<\/strong><\/span><\/p>\n<p>Korda Art in Motion Dancecompany celebrated 12 years with danceart and visual art close to the nature and the forests in Dalarna and G\u00e4vleborg. Visit the Forest Garden and new experiences of dance and visual art at Matsesgarden Stigsbo.<\/p>\n<div>\n<p><span style=\"font-size: 12pt;\"><strong>Premiere the 9th of August &#8211; 19.00<\/strong><\/span><\/p>\n<p>Duo-Solo-Solo-Duo<\/p>\n<p><span style=\"font-size: 12pt;\">Dance piece by Linda Forsman, Julyen Hamilton and Lou T Lundqvist the 9\/8, 10\/8 and 11\/8 &nbsp;&#8211; 19.00<\/span><\/p>\n<div>\n<p><strong><span style=\"font-size: 12pt;\">Saturday the 10th of August- 19.00<\/span><\/strong><\/p>\n<p>Duo-Solo-Solo-Duo<\/p>\n<p><span style=\"font-size: 12pt;\">Dance piece by Linda Forsman, Julyen Hamilton and Lou T Lundqvist<\/span><\/p>\n<p>After the performance&nbsp;<\/p>\n<\/div>\n<div>\n<p><span style=\"font-family: verdana, geneva, sans-serif; font-size: 12pt;\">The choreographer and the creativity \u2013 an inner travel &#8211; <span class=\"Y2IQFc\" lang=\"en\">conversation between&nbsp;<\/span>Linda Forsman, Julyen Hamilton and Christel \u00d6stfelt, psychoanalyst.&nbsp;<\/span><\/p>\n<\/div>\n<div>\n<p><span style=\"font-family: verdana, geneva, sans-serif; font-size: 12pt;\">Psychoanalyst Christel \u00d6stfelt will have a conversation with Linda Forsman and <span style=\"font-size: 12pt;\">Julyen Hamilton&nbsp;<\/span>about their inspiration and driving force in their artistic creation. About the art of dance as a lifelong and ongoing investigative process&nbsp;<span class=\"Y2IQFc\" lang=\"en\">which grows out of thoughts, associations, the interplay of emotions and bodily impulses.<\/span><\/span><\/p>\n<pre id=\"tw-target-text\" class=\"tw-data-text tw-text-large tw-ta\" dir=\"ltr\" data-placeholder=\"\u00d6vers\u00e4ttning\" aria-label=\"\u00d6versatt text\" data-ved=\"2ahUKEwjDgdaB-KqGAxUpJxAIHfnFDPIQ3ewLegQIDhAU\"><span class=\"Y2IQFc\" style=\"font-family: verdana, geneva, sans-serif; font-size: 12pt;\" lang=\"en\">Also about dance as communication, and about the observer within the dancer himself, \"the third\" and in relation to the \"external\" observers, the audience.<\/span><\/pre>\n<\/div>\n<\/div>\n<p>And workshop with Julyen Hamilton 10\/8 and 11\/8 at Matsesgarden Stigsbo.<\/p>\n<p>10.30 &#8211; 13.30<\/p>\n<p>Secure your place:&nbsp;<a href=\"linda@korda.org\">linda@korda.org<\/a><\/p>\n<p>Information about the workshop with Julyen Hamilton at Matsesgarden Stigsbo.<\/p>\n<div class=\"\">\n<div class=\"\">Julyen Hamilton&#8217;s teaching investigates deeply the creative act and the technique needed to accompany and facilitate it.<\/div>\n<div class=\"\">&nbsp;<\/div>\n<div class=\"\">His vision of technique is one which observes how things are made, how they function and how knowledge, experience and intuition can be used to create the work we each need<\/div>\n<div class=\"\">to make.<\/div>\n<div class=\"\">&nbsp;<\/div>\n<div class=\"\">It naturally enters the worlds of physiology,&nbsp;philosophy, culture, imagination and the future.<\/div>\n<div class=\"\">&nbsp;<\/div>\n<\/div>\n<div class=\"\">\n<div class=\"\"><b class=\"\">THIS workshop considers and practices the essential nature of the SPACE<\/b><\/div>\n<div class=\"\"><b class=\"\"> in which choreography and dance can be made and performed.<\/b><\/div>\n<div class=\"\"><b class=\"\"> It penetrates the themes of radial and Cartesian space and how they affect the &nbsp; &nbsp; &nbsp; &nbsp;<\/b><\/div>\n<div class=\"\"><b class=\"\">&nbsp; &nbsp; &nbsp; &nbsp; moving body<\/b><\/div>\n<div class=\"\"><b class=\"\"> and the theatrical space where audience and performer meet.<\/b><\/div>\n<div class=\"\">&nbsp;<\/div>\n<div class=\"\">In recent years the compositional elements of major concern have been<\/div>\n<div class=\"\">time space, dramaturgy, music and the voice;&nbsp; they stem from his experience as a dancer who creates and organises material instantly before the public.<\/div>\n<div class=\"\">&nbsp;<\/div>\n<div class=\"\">The basic work is the handling of the body and the &#8217;speaking&#8217; from it in space, motion and time.<\/div>\n<div class=\"\">Its co-ordination and its relationship to the material it creates&nbsp; &#8211;&nbsp; and then to the sharing of it<\/div>\n<div class=\"\">in performance.<\/div>\n<div class=\"\">&nbsp;<\/div>\n<div class=\"\">His ability to distil and convey essential principles allows dancers from a wide range of backgrounds to engage in his methodology.<\/div>\n<div class=\"\">&nbsp;<\/div>\n<div class=\"\"><i class=\"\">This course in Sweden&nbsp; (in August 2024) is open to all those with a creative interest in Space\u2026how we perceive it\u2026and how we might use these perceptions in our creativity\u2026be it dance, painting, photography, music, theatre\u2026.&nbsp;<\/i><\/div>\n<div class=\"\">&nbsp;<\/div>\n<div class=\"\"><i class=\"\">While the experience from which the teaching comes has been through years of a dancing and dance-making body, participants have no need to have had a movement training or be in a peak of fitness; all ages and abilities are welcome; please bring simply your interest in Space!<\/i><\/div>\n<\/div>\n<p>&nbsp;<\/p>\n<p><span style=\"font-size: 12pt;\"><strong>The Forest Garden at Matsesg\u00e5rden<\/strong><\/span><\/p>\n<p><span style=\"font-size: 12pt;\">A collaboration between Korda, Philipp Weiss, Martin Gustavsson and Maria Paz.<\/span><\/p>\n<p><span style=\"font-size: 12pt;\">Dance &#8211; the forest &#8211; trees &#8211; Juneberry &#8211; Appel trees &#8211; Peer tree &#8211; digging &#8211; research &#8211; learning &#8211; planting &#8211; choreography &#8211; togetherness &#8211; collaboration<\/span><\/p>\n<div id=\"attachment_1677\" style=\"width: 223px\" class=\"wp-caption alignnone\"><a href=\"https:\/\/korda.org\/?attachment_id=1677\" rel=\"attachment wp-att-1677\"><img loading=\"lazy\" decoding=\"async\" aria-describedby=\"caption-attachment-1677\" class=\"size-medium wp-image-1677\" src=\"http:\/\/korda.org\/wp-content\/uploads\/2024\/06\/KAIM-Matses-Utstallningen-2024-A5-213x300.jpg\" alt=\"KONSTUTST\u00c4LLNING\" width=\"213\" height=\"300\" srcset=\"http:\/\/korda.org\/wp-content\/uploads\/2024\/06\/KAIM-Matses-Utstallningen-2024-A5-213x300.jpg 213w, http:\/\/korda.org\/wp-content\/uploads\/2024\/06\/KAIM-Matses-Utstallningen-2024-A5.jpg 604w\" sizes=\"auto, (max-width: 213px) 100vw, 213px\" \/><\/a><p id=\"caption-attachment-1677\" class=\"wp-caption-text\">Konstutst\u00e4llning i Galleri Klingbyggningen<\/p><\/div>\n<p><span style=\"font-size: 12pt;\"><strong>Gallery Klingbyggningen<\/strong><\/span><\/p>\n<p><span style=\"font-size: 12pt;\"><strong>Art Exhibition&nbsp;<\/strong>7\/7 &#8211; 1\/9<\/span><\/p>\n<p><span style=\"font-size: 12pt;\"><strong>We had a fantastic day &#8211; &nbsp;the 7th of July with a great opening of exhibition by Charlotte Oster. Alva Krogh -Jonsson performed her own songs.&nbsp;<\/strong><\/span><\/p>\n<p>Fredrik Bj\u00f6rkman wrote a great article in Arbetarbladet.<\/p>\n<p><a href=\"https:\/\/www.arbetarbladet.se\/2024-07-06\/ett-kulturcenter-sa-vackert-sa-det-ar-orimligt\/?shareSource=iossharebutton\">https:\/\/www.arbetarbladet.se\/2024-07-06\/ett-kulturcenter-sa-vackert-sa-det-ar-orimligt\/?shareSource=iossharebutton<\/a><\/p>\n<p><span style=\"font-size: 12pt;\">Opening hours : Wedenesday &#8211; Sunday at 13.00 &#8211; 16.00<\/span><\/p>\n<div>\n<p><span style=\"font-size: 12pt;\">Work by : Kaj Ard, Stefan Fransson, &nbsp;Maria Hamberg, Pontus Ersbacken, Lars Boberg, Meg Ersbacken Engman, Florent Chamard, Marie Noree and Lou T Lundqvist.<\/span><\/p>\n<p>The chair in Salix and rugs by Gunilla L\u00f6fgren is slowly returning to nature in the Garden<\/p>\n<\/div>\n<p><span style=\"font-size: 12pt;\"><b>Dance performance in&nbsp;The Garden<\/b><\/span><\/p>\n<p><span style=\"font-size: 12pt;\"><strong>Korda Art had a great premiere the 26th of July at 19.00<\/strong><\/span><\/p>\n<p><span style=\"font-size: 12pt;\">Now playing : 16\/8, 17\/8, 18\/8 &nbsp;&#8211; 19.00<\/span><\/p>\n<p><span style=\"font-size: 12pt;\"><span style=\"font-family: verdana, geneva, sans-serif;\">Dance &#8211; Art &#8211; Nature<\/span><\/span><\/p>\n<p><span style=\"font-size: 12pt;\">Unique dance art nature experience, &#8221;Highlight of the summer&#8221; quote from visitors. This year we are inspired by GAVIA ARCTICA, the arctic waterfowl, G\u00e4strikland&#8217;s landscape bird, Storlommen, lake Grycken, the forest garden, the trees and the grass.<\/span><\/p>\n<p><span style=\"font-size: 12pt;\">Choreographer: Linda Forsman. Electroaccoustic music: Lou T Lundqvist. Dancers: Linda Forsman, Kerstin Abrahamsson and Rebecka Carlsson.&nbsp;<\/span><\/p>\n<div>\n<p><a href=\"http:\/\/korda.org\/?attachment_id=1702\" rel=\"attachment wp-att-1702\"><img loading=\"lazy\" decoding=\"async\" class=\"alignnone size-medium wp-image-1702\" src=\"http:\/\/korda.org\/wp-content\/uploads\/2024\/07\/325901_10150572879885953_1109021446_o-300x300.jpg\" alt=\"Julyen Hamilton\" width=\"300\" height=\"300\" srcset=\"http:\/\/korda.org\/wp-content\/uploads\/2024\/07\/325901_10150572879885953_1109021446_o-300x300.jpg 300w, http:\/\/korda.org\/wp-content\/uploads\/2024\/07\/325901_10150572879885953_1109021446_o-150x150.jpg 150w, http:\/\/korda.org\/wp-content\/uploads\/2024\/07\/325901_10150572879885953_1109021446_o.jpg 414w\" sizes=\"auto, (max-width: 300px) 100vw, 300px\" \/><\/a><\/p>\n<div id=\"attachment_1681\" style=\"width: 250px\" class=\"wp-caption alignnone\"><a href=\"http:\/\/korda.org\/?attachment_id=1681\" rel=\"attachment wp-att-1681\"><img loading=\"lazy\" decoding=\"async\" aria-describedby=\"caption-attachment-1681\" class=\"size-medium wp-image-1681\" src=\"http:\/\/korda.org\/wp-content\/uploads\/2024\/06\/\u00a9Brandon-Collwes.-240x300.jpg\" alt=\"\" width=\"240\" height=\"300\" srcset=\"http:\/\/korda.org\/wp-content\/uploads\/2024\/06\/\u00a9Brandon-Collwes.-240x300.jpg 240w, http:\/\/korda.org\/wp-content\/uploads\/2024\/06\/\u00a9Brandon-Collwes..jpg 512w\" sizes=\"auto, (max-width: 240px) 100vw, 240px\" \/><\/a><p id=\"caption-attachment-1681\" class=\"wp-caption-text\">Brandon Collwes in Stigsbo<\/p><\/div>\n<\/div>\n<p>&nbsp;<\/p>\n<p><a href=\"http:\/\/korda.org\/?attachment_id=1686\" rel=\"attachment wp-att-1686\"><img loading=\"lazy\" decoding=\"async\" class=\"alignnone size-medium wp-image-1686\" src=\"http:\/\/korda.org\/wp-content\/uploads\/2024\/06\/\u00a9KORDA-300x225.jpg\" alt=\"\" width=\"300\" height=\"225\" srcset=\"http:\/\/korda.org\/wp-content\/uploads\/2024\/06\/\u00a9KORDA-300x225.jpg 300w, http:\/\/korda.org\/wp-content\/uploads\/2024\/06\/\u00a9KORDA-1024x768.jpg 1024w, http:\/\/korda.org\/wp-content\/uploads\/2024\/06\/\u00a9KORDA-768x576.jpg 768w, http:\/\/korda.org\/wp-content\/uploads\/2024\/06\/\u00a9KORDA-1536x1152.jpg 1536w, http:\/\/korda.org\/wp-content\/uploads\/2024\/06\/\u00a9KORDA-2048x1536.jpg 2048w, http:\/\/korda.org\/wp-content\/uploads\/2024\/06\/\u00a9KORDA-400x300.jpg 400w\" sizes=\"auto, (max-width: 300px) 100vw, 300px\" \/><\/a><\/p>\n<p>Tobias Sk\u00f6ld, Linda Forsman, Rannhvi Mebius Jormin, Hanna Becker<\/p>\n<p>&nbsp;<\/p>\n<div>\n<p><a href=\"http:\/\/korda.org\/?attachment_id=1682\" rel=\"attachment wp-att-1682\"><img loading=\"lazy\" decoding=\"async\" class=\"alignnone size-medium wp-image-1682\" src=\"http:\/\/korda.org\/wp-content\/uploads\/2024\/06\/C3A9329-300x200.jpg\" alt=\"\" width=\"300\" height=\"200\" srcset=\"http:\/\/korda.org\/wp-content\/uploads\/2024\/06\/C3A9329-300x200.jpg 300w, http:\/\/korda.org\/wp-content\/uploads\/2024\/06\/C3A9329-1024x683.jpg 1024w, http:\/\/korda.org\/wp-content\/uploads\/2024\/06\/C3A9329-768x512.jpg 768w, http:\/\/korda.org\/wp-content\/uploads\/2024\/06\/C3A9329-1536x1024.jpg 1536w, http:\/\/korda.org\/wp-content\/uploads\/2024\/06\/C3A9329-2048x1365.jpg 2048w, http:\/\/korda.org\/wp-content\/uploads\/2024\/06\/C3A9329-450x300.jpg 450w\" sizes=\"auto, (max-width: 300px) 100vw, 300px\" \/><\/a><\/p>\n<p>Kerstin Abrahamsson, Linda Forsman, Jonathan D Sikell<\/p>\n<p>&nbsp;<\/p>\n<p><a href=\"http:\/\/korda.org\/?attachment_id=1684\" rel=\"attachment wp-att-1684\"><img loading=\"lazy\" decoding=\"async\" class=\"alignnone size-medium wp-image-1684\" src=\"http:\/\/korda.org\/wp-content\/uploads\/2024\/06\/C3A9345-300x200.jpg\" alt=\"\" width=\"300\" height=\"200\" srcset=\"http:\/\/korda.org\/wp-content\/uploads\/2024\/06\/C3A9345-300x200.jpg 300w, http:\/\/korda.org\/wp-content\/uploads\/2024\/06\/C3A9345-1024x683.jpg 1024w, http:\/\/korda.org\/wp-content\/uploads\/2024\/06\/C3A9345-768x512.jpg 768w, http:\/\/korda.org\/wp-content\/uploads\/2024\/06\/C3A9345-1536x1024.jpg 1536w, http:\/\/korda.org\/wp-content\/uploads\/2024\/06\/C3A9345-2048x1365.jpg 2048w, http:\/\/korda.org\/wp-content\/uploads\/2024\/06\/C3A9345-450x300.jpg 450w\" sizes=\"auto, (max-width: 300px) 100vw, 300px\" \/><\/a><\/p>\n<p>&nbsp;<\/p>\n<p>&nbsp;<\/p>\n<p><span style=\"font-size: 12pt;\">2023<\/span><\/p>\n<\/div>\n<p><span style=\"font-size: 12pt;\"><strong>Kulturcenter&nbsp; Matsesg\u00e5rden Stigsbo<\/strong><\/span><\/p>\n<div>\n<p><strong>Moderna Museet<\/strong><\/p>\n<p>Linda dansade framf\u00f6r m\u00e5lning av Hilma af Klint p\u00e5 Moderna Museet.<\/p>\n<\/div>\n<div>\n<p>Ett projekt i samarbete med \u00c5sa N \u00c5str\u00f6m och Malin Hillborg p\u00e5 Moderna Museet.<\/p>\n<\/div>\n<p>&nbsp;<\/p>\n<p><span style=\"font-size: 12pt;\">Galleri Klingbyggningen<\/span><\/p>\n<p><span style=\"font-size: 12pt;\">Konstutst\u00e4llning har genomf\u00f6rts 9\/7 \u2013 3\/9<\/span><\/p>\n<p><span style=\"font-size: 12pt;\"><strong>Finissage 3\/9 kl. 13.00<\/strong>&nbsp;<\/span><\/p>\n<p><span style=\"font-size: 12pt;\">Artist Talk Magdolna Szab\u00f3 och Solodans Linda Forsman har genomf\u00f6rts<\/span><\/p>\n<p><span style=\"font-size: 12pt;\">\u00d6ppet Onsdag \u2013 S\u00f6ndag 13.00 \u2013 16.00<\/span><\/p>\n<p><span style=\"font-size: 12pt;\">Konstn\u00e4rerna som deltog i Konstutst\u00e4llningen \u00e4r :<\/span><\/p>\n<p><span style=\"font-size: 12pt;\">H\u00e5kan Blomkvist, Camilla Bergman, Florent Chamard, Pontus Ersbacken, Peter Flink, Mahmoud Hesso,&nbsp;Gunilla L\u00f6fgren, Shireen Haj Mustaffa, Magdolna Szab\u00f3 och Riitta Tj\u00f6rneryd&nbsp;tillsammans med KORDAs scenograf och bildkonstn\u00e4r Lou T Lundqvist p\u00e5 Matsesg\u00e5rden.&nbsp;<\/span><\/p>\n<p>&nbsp;<\/p>\n<p><span style=\"font-size: 12pt;\"><strong>Vernissagen den 9\/7 kl. 13.00 \u00f6ppnades av Emelie Lilja fr\u00e5n Region Dalarna.<\/strong><\/span><\/p>\n<p><a href=\"https:\/\/www.visitdalarna.se\/gora\/sevardheter\/matsesgarden-stigsbo-korda-art-motion\">https:\/\/www.visitdalarna.se\/gora\/sevardheter\/matsesgarden-stigsbo-korda-art-motion<\/a><\/p>\n<p>&nbsp;<\/p>\n<p><span style=\"font-size: 12pt;\">Dansf\u00f6rest\u00e4llningen QUINTAL visades i Tr\u00e4dg\u00e5rden p\u00e5 Matsesg\u00e5rden Stigsbo.<\/span><\/p>\n<p class=\"preamble\"><span style=\"font-size: 12pt;\">Linda Forsman och Lou T Lundqvist i KORDA Art i nytt samarbete med&nbsp;Dansaren \/ Koreografen och Bildkonstn\u00e4ren Brandon Collwes fr\u00e5n New York. &nbsp;<\/span><\/p>\n<p class=\"preamble\"><span style=\"font-size: 12pt;\">Brandon Collwes arbetade som dansare i Merce Cunningham Dance Company, New York 2006 &#8211; 2011.<\/span><\/p>\n<p><span style=\"font-size: 12pt;\">Dansf\u00f6rest\u00e4llning i Tr\u00e4dg\u00e5rden p\u00e5 Matsesg\u00e5rden<\/span><\/p>\n<p>Koreografi: Linda Forsman och Brandon Collwes. Scenografi &amp; Elektroakustisk Musik: Lou T Lundqvist. Kostym och&nbsp;Scenbild: Brandon Collwes<\/p>\n<p><span style=\"font-size: 12pt;\"><strong>QUINTAL hade premi\u00e4r den 28\/7 kl : 19.00<\/strong><\/span><\/p>\n<p><span style=\"font-size: 12pt;\">Och spelades : 28\/7, 29\/7, 30\/7, &nbsp;kl : 19.00<\/span><\/p>\n<p><span style=\"font-size: 12pt;\">Dansare i f\u00f6rest\u00e4llningen: Linda Forsman, Brandon Collwes, Hanna Becker, Rannhvi Mebius Jormin, Tobias Sk\u00f6ld.<\/span><\/p>\n<p><span style=\"font-size: 12pt;\">4\/8, 5\/8, 6\/8, &nbsp;kl : 19.00<\/span><\/p>\n<p><span style=\"font-size: 12pt;\">Dansare i f\u00f6rest\u00e4llningen: Linda Forsman, Hanna Becker, Rannhvi Mebius Jormin, Tobias Sk\u00f6ld.<\/span><\/p>\n<p><span style=\"font-size: 12pt;\">11\/8, 12\/8,13\/8, &nbsp;kl : 19.00<\/span><\/p>\n<p><span style=\"font-size: 12pt;\">Dansare i f\u00f6rest\u00e4llningen: Linda Forsman, Hanna Becker,Tobias Sk\u00f6ld. Conny&nbsp;Laxell,&nbsp;multiinstrumentalist med grunden i slagverk, spelar live.<\/span><\/p>\n<div>\n<div id=\"attachment_1588\" style=\"width: 250px\" class=\"wp-caption alignnone\"><a href=\"http:\/\/korda.org\/?attachment_id=1588\" rel=\"attachment wp-att-1588\"><img loading=\"lazy\" decoding=\"async\" aria-describedby=\"caption-attachment-1588\" class=\"size-medium wp-image-1588\" src=\"http:\/\/korda.org\/wp-content\/uploads\/2023\/08\/\u00a9Brandon-Collwes.-240x300.jpg\" alt=\"Photo of Brandon Collwes\" width=\"240\" height=\"300\" srcset=\"http:\/\/korda.org\/wp-content\/uploads\/2023\/08\/\u00a9Brandon-Collwes.-240x300.jpg 240w, http:\/\/korda.org\/wp-content\/uploads\/2023\/08\/\u00a9Brandon-Collwes..jpg 512w\" sizes=\"auto, (max-width: 240px) 100vw, 240px\" \/><\/a><p id=\"caption-attachment-1588\" class=\"wp-caption-text\">Brandon Collwes at Matsesgarden Stigsbo<\/p><\/div>\n<p>Artist residency at Matsesgarden Stigsbo in collaboration and creative exchanges with Linda Forsman, Sweden.<\/p>\n<p>Brandon Collwes Statement of Intent:<\/p>\n<p>&#8221;I am interested in using the artist residency at&nbsp;Matsesgarden Stigsbo to develop movement that will both respond to the natural landscape and communicate a sense of abstraction within it.&nbsp;&nbsp;I plan to use the time I have to share my history as a former Merce Cunningham Dance Company member, teaching class and applying ideas that are central to Merce\u2019s work, such as having no set front or center, using chance procedures, and working without music dictating the choreography. I also intend to include some elements of my abstract mixed-media painting practice, either in the form of painted canvases added to the landscape as a set, or painting costumes for the dancers to wear.&nbsp;&nbsp;My goal is that this will culminate in a dance piece that embraces the rustic environment it inhabits, and allows for the dancers to be precisely themselves without any narratives or outside feelings placed on them.<\/p>\n<p>It\u2019s wonderful to think of how the&nbsp;Matsesgarden Stigsbo residency would provide space and time away from the bustle of New York City, offering the freedom to escape into the process of art-making with artists that are new to me. It\u2019s thrilling to imagine the creative exchanges that would be shared in this beautiful setting, and to share the result with the surrounding communities.&nbsp;&nbsp;The ideas of Merce Cunningham are as relevant now as ever in building new dance, and I very much hope to bring them to my work at the Matsesgarden Stigsbo residency this summer.&#8221;<\/p>\n<\/div>\n<p>Bio:<\/p>\n<p>Brandon&nbsp;Collwes is a dancer\/choreographer.&nbsp;He&nbsp;joined&nbsp;the&nbsp;Merce&nbsp;Cunningham Dance Company in January 2006, where he danced until the close of the&nbsp;Company in 2011 in the finale Legacy World Tour. He has been a member of the Liz Gerring Dance Company since 2012 and is currently rehearsal assistant.&nbsp; He also performs with Sally Silvers Dance and has been a guest artist for the&nbsp;Stephen Petronio Dance Company several times, while continuing to teach and stage Cunningham pieces for the Merce Cunningham Trust. Since April 2020, he has collaborated as a choreographer\/dancer with composer John King on \u201cSonic Gathering,\u201d which began as a weekly live music and dance performance event on Zoom and has since been presented in-person in NYC by CultureHub, Roulette Intermedium and the Coffey Street Studio. He is also an abstract painter.<\/p>\n<p><a href=\"http:\/\/www.brandonartistcollwes.com\">http:\/\/www.brandonartistcollwes.com<\/a><\/p>\n<div>\n<p>&nbsp;<\/p>\n<p>KORDA har genomf\u00f6rt flera andra projekt under 2023.<\/p>\n<p><strong>Skogstr\u00e4dg\u00e5rden p\u00e5 Matsesg\u00e5rden<\/strong><\/p>\n<p>Projekt i samarbete med Philipp Weiss och Martin Gustavsson.<\/p>\n<p>Dans &#8211; skog &#8211; tr\u00e4d &#8211; B\u00e4rh\u00e4ggmispel &#8211; \u00c4ppeltr\u00e4d &#8211; P\u00e4rontr\u00e4d &#8211; gr\u00e4va &#8211; utforska &#8211; l\u00e4ra &#8211; plantera &#8211; koreografi &#8211; samvaro &#8211; samarbete<\/p>\n<p><strong>Dans &#8211; Bild och form workshop<\/strong><\/p>\n<p>Projekt i samarbete med ABF Hofors och Folkets Hus Hofors.<\/p>\n<p>Riitta Tj\u00f6rneryd, bildkonstn\u00e4r &#8211; fotograf och Linda Forsman koreograf &#8211; dansare tr\u00e4ffar barn och unga i Hofors.<\/p>\n<p><strong>Dans &#8211; Musik workshop<\/strong><\/p>\n<p>Projekt i samarbete med ABF Hofors och Folkets Hus Hofors.<\/p>\n<p>Linda Forsman koreograf &#8211; dansare och Markus Lindmark bildkonstn\u00e4r &#8211; musiker workshop f\u00f6r barn och unga i Hofors.<\/p>\n<\/div>\n<p>&nbsp;<\/p>\n<div>\n<p><strong>KORDA deltog i V\u00c4VDA RUM 20 Maj &#8211; 30 September<\/strong><\/p>\n<p><strong>Vernissage genomf\u00f6rdes den 20 Maj<\/strong><\/p>\n<p>Vernissage utst\u00e4llningen V\u00e4vda rum vid Stj\u00e4rnsundskiosken kl. 12.00<\/p>\n<p>Varf\u00f6r heter utst\u00e4llningen V\u00e4vda rum?<\/p>\n<p>KORDA Art in Motion \u00e4r medlemmar i Riksf\u00f6rbundet Sveriges Konstf\u00f6reningar och var v\u00e4rd f\u00f6r utst\u00e4llningen V\u00e4vda Rum, som genomf\u00f6rdes i 130 kommuner runt om i Sverige. V\u00e4vda Rum i Stj\u00e4rnsund representerade Hedemora kommun.<\/p>\n<p>\u201d Tanken bakom utst\u00e4llningstiteln&nbsp;V\u00e4vda rum&nbsp;\u00e4r att vi i utst\u00e4llningen genom AR-tekniken v\u00e4ver ihop den virtuella v\u00e4rlden med den fysiska, genom att visa de digitala konstverken p\u00e5 offentliga platser. I sin&nbsp;<a href=\"https:\/\/sverigeskonstforeningar.nu\/virveln\/kurator-ulrika-flink-om-tematiken-i-vavda-rum\/\">text om tematiken<\/a>&nbsp;i utst\u00e4llningen skriver curator Ulrika Flink:&nbsp;<\/p>\n<p>\u201dProjektet vill bjuda in konstn\u00e4rer att utforska AR-teknikens potential att f\u00f6ra samman olika platser, k\u00e4nslor, r\u00f6ster och delad l\u00e4ngtan. V\u00e5ra gator, luften vi andas och v\u00e5ra k\u00e4nsloliv blandar redan det lokala, nationella och globala i ett och samma andetag. Det \u00e4r det enkla samspelet som f\u00f6renar oss, fr\u00e5n hur vi f\u00f6rh\u00e5ller oss till m\u00e4nniskor vi st\u00f6ter p\u00e5 i v\u00e5rt vardagsliv, till hur vi beter oss i v\u00e5ra relationer, dessa handlingar skapar de m\u00f6nster som utg\u00f6r den sociala v\u00e4v som bygger v\u00e5ra gemensamma v\u00e4vda rum.\u201d<\/p>\n<p>&nbsp;<\/p>\n<\/div>\n<p><strong>&#8221;Solos for Grand Piano\u201d<\/strong><\/p>\n<p>Vi fick en fin recension av Camilla Dal i Gefle Dagblad den 18 Februari 2023<\/p>\n<p><a href=\"https:\/\/korda.org\/?attachment_id=1488\" rel=\"attachment wp-att-1488\"><img loading=\"lazy\" decoding=\"async\" class=\"alignnone size-medium wp-image-1488\" src=\"http:\/\/korda.org\/wp-content\/uploads\/2023\/03\/Recension-Camilla-Dal-GD-225x300.jpg\" alt=\"Rubrik\" width=\"225\" height=\"300\" srcset=\"http:\/\/korda.org\/wp-content\/uploads\/2023\/03\/Recension-Camilla-Dal-GD-225x300.jpg 225w, http:\/\/korda.org\/wp-content\/uploads\/2023\/03\/Recension-Camilla-Dal-GD-768x1024.jpg 768w, http:\/\/korda.org\/wp-content\/uploads\/2023\/03\/Recension-Camilla-Dal-GD-1152x1536.jpg 1152w, http:\/\/korda.org\/wp-content\/uploads\/2023\/03\/Recension-Camilla-Dal-GD-rotated.jpg 1512w\" sizes=\"auto, (max-width: 225px) 100vw, 225px\" \/><\/a><a href=\"https:\/\/korda.org\/?attachment_id=1489\" rel=\"attachment wp-att-1489\"><img loading=\"lazy\" decoding=\"async\" class=\"alignnone size-medium wp-image-1489\" src=\"http:\/\/korda.org\/wp-content\/uploads\/2023\/03\/Recension-Camilla-Dal-Gefle-Dagblad-225x300.jpg\" alt=\"Hela recensionen\" width=\"225\" height=\"300\" srcset=\"http:\/\/korda.org\/wp-content\/uploads\/2023\/03\/Recension-Camilla-Dal-Gefle-Dagblad-225x300.jpg 225w, http:\/\/korda.org\/wp-content\/uploads\/2023\/03\/Recension-Camilla-Dal-Gefle-Dagblad-768x1024.jpg 768w, http:\/\/korda.org\/wp-content\/uploads\/2023\/03\/Recension-Camilla-Dal-Gefle-Dagblad-1152x1536.jpg 1152w, http:\/\/korda.org\/wp-content\/uploads\/2023\/03\/Recension-Camilla-Dal-Gefle-Dagblad-rotated.jpg 1512w\" sizes=\"auto, (max-width: 225px) 100vw, 225px\" \/><\/a><\/p>\n<p>&nbsp;<\/p>\n<p>&nbsp;<\/p>\n<p>&nbsp;<\/p>\n<div>\n<p><a href=\"https:\/\/korda.org\/?attachment_id=1464\" rel=\"attachment wp-att-1464\"><img loading=\"lazy\" decoding=\"async\" class=\"size-medium wp-image-1464\" src=\"http:\/\/korda.org\/wp-content\/uploads\/2022\/12\/\u00a9Foto-Lou-T-Lundqvist.Elise-och-Linda-i-Solos-for-Grand-Piano.-300x200.jpg\" alt=\"Elise-och-Linda-i-Solos-for-Grand-Piano.\" width=\"300\" height=\"200\" srcset=\"http:\/\/korda.org\/wp-content\/uploads\/2022\/12\/\u00a9Foto-Lou-T-Lundqvist.Elise-och-Linda-i-Solos-for-Grand-Piano.-300x200.jpg 300w, http:\/\/korda.org\/wp-content\/uploads\/2022\/12\/\u00a9Foto-Lou-T-Lundqvist.Elise-och-Linda-i-Solos-for-Grand-Piano.-1024x683.jpg 1024w, http:\/\/korda.org\/wp-content\/uploads\/2022\/12\/\u00a9Foto-Lou-T-Lundqvist.Elise-och-Linda-i-Solos-for-Grand-Piano.-768x512.jpg 768w, http:\/\/korda.org\/wp-content\/uploads\/2022\/12\/\u00a9Foto-Lou-T-Lundqvist.Elise-och-Linda-i-Solos-for-Grand-Piano.-1536x1024.jpg 1536w, http:\/\/korda.org\/wp-content\/uploads\/2022\/12\/\u00a9Foto-Lou-T-Lundqvist.Elise-och-Linda-i-Solos-for-Grand-Piano.-2048x1365.jpg 2048w, http:\/\/korda.org\/wp-content\/uploads\/2022\/12\/\u00a9Foto-Lou-T-Lundqvist.Elise-och-Linda-i-Solos-for-Grand-Piano.-450x300.jpg 450w\" sizes=\"auto, (max-width: 300px) 100vw, 300px\" \/><\/a><\/p>\n<p>&#8221;Solos for Grand Piano\u201d<\/p>\n<p>Elise Einarsdotter spelade live p\u00e5 flygel.<\/p>\n<p>Linda Forsman dansade<\/p>\n<p>Lou T Lundqvist skapade fondbild och ljusdesign.<\/p>\n<p>&#8221;Solos for Grand Piano\u201d p\u00e5 G\u00e4vle Teater kl. 19.00 den 16 Februari 2023.<\/p>\n<p>Arrang\u00f6r : G\u00e4vle Teaterf\u00f6rening &#8211; en del av Riksteatern.<\/p>\n<p>&nbsp;<\/p>\n<\/div>\n<p><a href=\"https:\/\/www.facebook.com\/events\/5043299685769806\">https:\/\/www.facebook.com\/events\/5043299685769806<\/a><\/p>\n<p>&nbsp;<\/p>\n<p>Danskompaniet \u201dKorda Art in Motion\u201d i nytt samarbete med den m\u00e5ngsidiga och prisbel\u00f6nta pianisten Elise Einarsdotter.<\/p>\n<div>\n<div>\n<p>F\u00f6rest\u00e4llningen har arbetats fram i samspel mellan koreograf, dansare &nbsp;Linda Forsman, komposit\u00f6ren, pianisten Elise Einarsdotter och scenograf \/ ljusdesigner Lou T Lundqvist i samklang med r\u00f6relse och toner.<\/p>\n<p>Elise Einarsdotter \u2013 Komposit\u00f6r, Pianist, Bandledare, Pedagog. H\u00f6sten 2021 f\u00f6r\u00e4rades Elise Einarsdotter \u00e5rets Monica Zetterlundstipendium! &nbsp;(DN 20200421) Elise Einarsdotters essens finns d\u00e4r komposition m\u00f6ter improvisation.<\/p>\n<p>Linda Forsman \u2013 Koreograf, Dansare, Pedagog.Linda \u00e4r f\u00f6dd i G\u00e4vle och v\u00e4xte upp hos sina morf\u00f6r\u00e4ldrar, Konstn\u00e4ren Nils S\u00f6derberg i B\u00e4ck, Valbo. Studier f\u00f6r Merce Cunningham i New York 1976. Dansade med Dansgruppen Vindh\u00e4xor i Norden, Europa, Washington och New York 1977 &#8211; 1988. Startade KORDA Art in Motion med Lou T Lundqvist och H\u00e5kan Blomkvist 1987.<\/p>\n<p>Lou T Lundqvist &#8211; Bildkonstn\u00e4r, Ljusdesigner, Konstutst\u00e4llningsproducent. Arbetat konstn\u00e4rligt med teater, dans och film sedan 1979 i Sverige och Europa samt USA. Lou T Lundqvist skapar scenografi och ljusdesign, musikverk, grafik samt film.<\/p>\n<\/div>\n<p><a href=\"https:\/\/korda.org\/?attachment_id=1442\" rel=\"attachment wp-att-1442\"><img loading=\"lazy\" decoding=\"async\" class=\"size-medium wp-image-1442 alignleft\" src=\"http:\/\/korda.org\/wp-content\/uploads\/2022\/10\/\u00a9Foto-Isabelle-Minou-Elise-Einarsdotter-300x300.jpeg\" alt=\"\" width=\"300\" height=\"300\" srcset=\"http:\/\/korda.org\/wp-content\/uploads\/2022\/10\/\u00a9Foto-Isabelle-Minou-Elise-Einarsdotter-300x300.jpeg 300w, http:\/\/korda.org\/wp-content\/uploads\/2022\/10\/\u00a9Foto-Isabelle-Minou-Elise-Einarsdotter-150x150.jpeg 150w, http:\/\/korda.org\/wp-content\/uploads\/2022\/10\/\u00a9Foto-Isabelle-Minou-Elise-Einarsdotter-768x768.jpeg 768w, http:\/\/korda.org\/wp-content\/uploads\/2022\/10\/\u00a9Foto-Isabelle-Minou-Elise-Einarsdotter.jpeg 961w\" sizes=\"auto, (max-width: 300px) 100vw, 300px\" \/><\/a><a href=\"https:\/\/korda.org\/?attachment_id=1485\" rel=\"attachment wp-att-1485\"><img loading=\"lazy\" decoding=\"async\" class=\"alignnone size-medium wp-image-1485\" src=\"http:\/\/korda.org\/wp-content\/uploads\/2023\/02\/Linda-Forsman.\u00a9Foto-Urban-Joren-kopia-300x200.jpg\" alt=\"\" width=\"300\" height=\"200\" srcset=\"http:\/\/korda.org\/wp-content\/uploads\/2023\/02\/Linda-Forsman.\u00a9Foto-Urban-Joren-kopia-300x200.jpg 300w, http:\/\/korda.org\/wp-content\/uploads\/2023\/02\/Linda-Forsman.\u00a9Foto-Urban-Joren-kopia-1024x682.jpg 1024w, http:\/\/korda.org\/wp-content\/uploads\/2023\/02\/Linda-Forsman.\u00a9Foto-Urban-Joren-kopia-768x512.jpg 768w, http:\/\/korda.org\/wp-content\/uploads\/2023\/02\/Linda-Forsman.\u00a9Foto-Urban-Joren-kopia-1536x1024.jpg 1536w, http:\/\/korda.org\/wp-content\/uploads\/2023\/02\/Linda-Forsman.\u00a9Foto-Urban-Joren-kopia-2048x1365.jpg 2048w, http:\/\/korda.org\/wp-content\/uploads\/2023\/02\/Linda-Forsman.\u00a9Foto-Urban-Joren-kopia-450x300.jpg 450w\" sizes=\"auto, (max-width: 300px) 100vw, 300px\" \/><\/a><\/p>\n<div id=\"attachment_1469\" style=\"width: 235px\" class=\"wp-caption alignnone\"><a href=\"https:\/\/korda.org\/?attachment_id=1469\" rel=\"attachment wp-att-1469\"><img loading=\"lazy\" decoding=\"async\" aria-describedby=\"caption-attachment-1469\" class=\"size-medium wp-image-1469\" src=\"http:\/\/korda.org\/wp-content\/uploads\/2022\/12\/Gefle-Dagblad-2110-2022-225x300.jpg\" alt=\"Artikel i Gefle Dagblad\" width=\"225\" height=\"300\" srcset=\"http:\/\/korda.org\/wp-content\/uploads\/2022\/12\/Gefle-Dagblad-2110-2022-225x300.jpg 225w, http:\/\/korda.org\/wp-content\/uploads\/2022\/12\/Gefle-Dagblad-2110-2022-768x1024.jpg 768w, http:\/\/korda.org\/wp-content\/uploads\/2022\/12\/Gefle-Dagblad-2110-2022-1152x1536.jpg 1152w, http:\/\/korda.org\/wp-content\/uploads\/2022\/12\/Gefle-Dagblad-2110-2022-1536x2048.jpg 1536w, http:\/\/korda.org\/wp-content\/uploads\/2022\/12\/Gefle-Dagblad-2110-2022-scaled.jpg 1920w\" sizes=\"auto, (max-width: 225px) 100vw, 225px\" \/><\/a><p id=\"caption-attachment-1469\" class=\"wp-caption-text\">Artikel av Kristian Ekenberg i Gefle Dagblad.<\/p><\/div>\n<div id=\"attachment_1470\" style=\"width: 235px\" class=\"wp-caption alignnone\"><a href=\"https:\/\/korda.org\/?attachment_id=1470\" rel=\"attachment wp-att-1470\"><img loading=\"lazy\" decoding=\"async\" aria-describedby=\"caption-attachment-1470\" class=\"size-medium wp-image-1470\" src=\"http:\/\/korda.org\/wp-content\/uploads\/2022\/12\/Sodran-27-okt-2022-225x300.jpg\" alt=\"\" width=\"225\" height=\"300\" srcset=\"http:\/\/korda.org\/wp-content\/uploads\/2022\/12\/Sodran-27-okt-2022-225x300.jpg 225w, http:\/\/korda.org\/wp-content\/uploads\/2022\/12\/Sodran-27-okt-2022-768x1024.jpg 768w, http:\/\/korda.org\/wp-content\/uploads\/2022\/12\/Sodran-27-okt-2022-1152x1536.jpg 1152w, http:\/\/korda.org\/wp-content\/uploads\/2022\/12\/Sodran-27-okt-2022-1536x2048.jpg 1536w, http:\/\/korda.org\/wp-content\/uploads\/2022\/12\/Sodran-27-okt-2022-scaled.jpg 1920w\" sizes=\"auto, (max-width: 225px) 100vw, 225px\" \/><\/a><p id=\"caption-attachment-1470\" class=\"wp-caption-text\">Artikel av Ann-Louise Eberstein i S\u00f6dran.<\/p><\/div>\n<\/div>\n<div>\n<div>\n<p>2022<\/p>\n<p>&#8221;Solos for Grand Piano\u201d<\/p>\n<p>Elise Einarsdotter spelar live p\u00e5 flygel. &nbsp;Linda Forsman dansar. &nbsp;Lou T Lundqvist skapar fondbild och ljusdesign.<\/p>\n<p>Urpremi\u00e4r 27\/10 kl 19.00 Hofors Folkets Hus, Teatern<\/p>\n<p>Arrang\u00f6r : Hofors Teaterf\u00f6rening&nbsp; \u2013 en del av Riksteatern.<\/p>\n<p>&nbsp;<\/p>\n<p style=\"text-align: left;\" align=\"center\"><strong>Konstutst\u00e4llning i Galleri Klingbyggningen<\/strong><\/p>\n<\/div>\n<div>Plats : Galleri Klingbyggningen, Matsesg\u00e5rden, Stigsbo<\/div>\n<div>&nbsp;<\/div>\n<p style=\"text-align: left;\" align=\"center\">Vernissage den 3 Juli kl 13.00<\/p>\n<p style=\"text-align: left;\" align=\"center\">Eva Ersbacken invigde Konstutst\u00e4llningen<\/p>\n<p style=\"text-align: left;\" align=\"center\">Konstn\u00e4rerna som deltog i Sommarens Konstutst\u00e4llning \u00e4r Jill H\u00f6jerberg, Marieta Toneva, Riitta Tj\u00f6rneryd, Gunilla L\u00f6fgren, Mahmoud Hesso, H\u00e5kan Blomkvist, Lisa Persson Baag\u00f6e, Marie Nor\u00e9e tillsammans med KORDAs scenograf och bildkonstn\u00e4r Lou T Lundqvist p\u00e5 Matsesg\u00e5rden.&nbsp;<\/p>\n<\/div>\n<div>\n<p style=\"text-align: left;\" align=\"center\">Utst\u00e4llningen visades till och med 28 Augusti 2022<\/p>\n<\/div>\n<p style=\"text-align: left;\" align=\"center\"><a href=\"https:\/\/korda.org\/?attachment_id=1449\" rel=\"attachment wp-att-1449\"><img loading=\"lazy\" decoding=\"async\" class=\"alignnone size-medium wp-image-1449\" src=\"http:\/\/korda.org\/wp-content\/uploads\/2022\/10\/\u00a9Gefle-Dagblad-300x225.jpg\" alt=\"\" width=\"300\" height=\"225\" srcset=\"http:\/\/korda.org\/wp-content\/uploads\/2022\/10\/\u00a9Gefle-Dagblad-300x225.jpg 300w, http:\/\/korda.org\/wp-content\/uploads\/2022\/10\/\u00a9Gefle-Dagblad-1024x768.jpg 1024w, http:\/\/korda.org\/wp-content\/uploads\/2022\/10\/\u00a9Gefle-Dagblad-768x576.jpg 768w, http:\/\/korda.org\/wp-content\/uploads\/2022\/10\/\u00a9Gefle-Dagblad-1536x1152.jpg 1536w, http:\/\/korda.org\/wp-content\/uploads\/2022\/10\/\u00a9Gefle-Dagblad-2048x1536.jpg 2048w, http:\/\/korda.org\/wp-content\/uploads\/2022\/10\/\u00a9Gefle-Dagblad-400x300.jpg 400w\" sizes=\"auto, (max-width: 300px) 100vw, 300px\" \/> <\/a><a href=\"https:\/\/korda.org\/?attachment_id=1453\" rel=\"attachment wp-att-1453\"><img loading=\"lazy\" decoding=\"async\" class=\"alignnone size-medium wp-image-1453\" src=\"http:\/\/korda.org\/wp-content\/uploads\/2022\/10\/Utdrag-artikel-i-Sodra-Dalarnas-Tidning\u00a9Ann-Louise-Eberstein-225x300.jpg\" alt=\"\" width=\"225\" height=\"300\" srcset=\"http:\/\/korda.org\/wp-content\/uploads\/2022\/10\/Utdrag-artikel-i-Sodra-Dalarnas-Tidning\u00a9Ann-Louise-Eberstein-225x300.jpg 225w, http:\/\/korda.org\/wp-content\/uploads\/2022\/10\/Utdrag-artikel-i-Sodra-Dalarnas-Tidning\u00a9Ann-Louise-Eberstein-768x1024.jpg 768w, http:\/\/korda.org\/wp-content\/uploads\/2022\/10\/Utdrag-artikel-i-Sodra-Dalarnas-Tidning\u00a9Ann-Louise-Eberstein-1152x1536.jpg 1152w, http:\/\/korda.org\/wp-content\/uploads\/2022\/10\/Utdrag-artikel-i-Sodra-Dalarnas-Tidning\u00a9Ann-Louise-Eberstein-rotated.jpg 1512w\" sizes=\"auto, (max-width: 225px) 100vw, 225px\" \/><\/a><\/p>\n<p><a href=\"https:\/\/korda.org\/?attachment_id=1453\" rel=\"attachment wp-att-1453\"><img loading=\"lazy\" decoding=\"async\" class=\"size-medium wp-image-1452\" src=\"http:\/\/korda.org\/wp-content\/uploads\/2022\/10\/\u00a9Stefan-Westrin-225x300.jpg\" alt=\"\" width=\"225\" height=\"300\" srcset=\"http:\/\/korda.org\/wp-content\/uploads\/2022\/10\/\u00a9Stefan-Westrin-225x300.jpg 225w, http:\/\/korda.org\/wp-content\/uploads\/2022\/10\/\u00a9Stefan-Westrin-768x1024.jpg 768w, http:\/\/korda.org\/wp-content\/uploads\/2022\/10\/\u00a9Stefan-Westrin-1152x1536.jpg 1152w, http:\/\/korda.org\/wp-content\/uploads\/2022\/10\/\u00a9Stefan-Westrin-1536x2048.jpg 1536w, http:\/\/korda.org\/wp-content\/uploads\/2022\/10\/\u00a9Stefan-Westrin-scaled.jpg 1920w\" sizes=\"auto, (max-width: 225px) 100vw, 225px\" \/><\/a><\/p>\n<p style=\"text-align: left;\" align=\"center\">&nbsp;<\/p>\n<p style=\"text-align: left;\" align=\"center\">&nbsp;<\/p>\n<div>\n<p style=\"text-align: left;\" align=\"center\"><strong>Dansf\u00f6rest\u00e4llningar i Tr\u00e4dg\u00e5rden TIME DANCES<\/strong><\/p>\n<\/div>\n<p>Linda Forsman och Lou T Lundqvist med dansare och musiker skapade en dansf\u00f6rest\u00e4llning med utg\u00e5ngspunkt i Tr\u00e4dg\u00e5rden p\u00e5 Matsesg\u00e5rden Stigsbo av KORDA Art in Motion Danskompani. 5 km \u00f6ster om Stj\u00e4rnsund, 1000 steg till G\u00e4vleborgs l\u00e4n, 29 km till Hofors, 44 km till Sandviken och 60 km till G\u00e4vle.<\/p>\n<p>Koreografi : Linda Forsman<\/p>\n<p>Scenografi&nbsp;:&nbsp;Lou T Lundqvist.&nbsp;<\/p>\n<p>Piano : Markus Lindmark<\/p>\n<p>Improvisation p\u00e5 egentillverkade instrument : Johannes Bergmark<\/p>\n<p>Slagverk : Emelie Sj\u00f6str\u00f6m<\/p>\n<p>Dansare : Elisabeth Christine Holth, Linda Forsman, Hanna R\u00f6ckner<\/p>\n<p style=\"text-align: left;\">Matsesg\u00e5rden Stigsbo ligger 5 km \u00f6ster om Stj\u00e4rnsund och HusbyRingen, Sveriges f\u00f6rsta Eko museum. F\u00f6lj v\u00e4g 764 till eller fr\u00e5n Storvik och G\u00e4vle s\u00e5 kommer du till byn Stigsbo.<\/p>\n<p><span style=\"font-size: 14pt;\">Verksamheten st\u00f6ds av Region G\u00e4vleborg, Hedemora kommun, Kulturr\u00e5det. Samarbeten med ABF Hofors, ABF S\u00f6dra \u00d6stra, Folkteatern Dalarna samt Riksteatern G\u00e4vleborg.&nbsp;<\/span><\/p>\n<p><a href=\"https:\/\/korda.org\/?attachment_id=1444\" rel=\"attachment wp-att-1444\"><img loading=\"lazy\" decoding=\"async\" class=\"alignnone size-medium wp-image-1444\" src=\"http:\/\/korda.org\/wp-content\/uploads\/2022\/10\/KAIM-Time-Dances-1-\u00a9Lou-T-2022-300x242.jpg\" alt=\"\" width=\"300\" height=\"242\" srcset=\"http:\/\/korda.org\/wp-content\/uploads\/2022\/10\/KAIM-Time-Dances-1-\u00a9Lou-T-2022-300x242.jpg 300w, http:\/\/korda.org\/wp-content\/uploads\/2022\/10\/KAIM-Time-Dances-1-\u00a9Lou-T-2022-768x620.jpg 768w, http:\/\/korda.org\/wp-content\/uploads\/2022\/10\/KAIM-Time-Dances-1-\u00a9Lou-T-2022-371x300.jpg 371w, http:\/\/korda.org\/wp-content\/uploads\/2022\/10\/KAIM-Time-Dances-1-\u00a9Lou-T-2022.jpg 999w\" sizes=\"auto, (max-width: 300px) 100vw, 300px\" \/><\/a> <a href=\"https:\/\/korda.org\/?attachment_id=1445\" rel=\"attachment wp-att-1445\"><img loading=\"lazy\" decoding=\"async\" class=\"alignnone size-medium wp-image-1445\" src=\"http:\/\/korda.org\/wp-content\/uploads\/2022\/10\/\u00a9Foto-Lou-T-Lundqvist-Time-Dances-225x300.jpg\" alt=\"\" width=\"225\" height=\"300\" srcset=\"http:\/\/korda.org\/wp-content\/uploads\/2022\/10\/\u00a9Foto-Lou-T-Lundqvist-Time-Dances-225x300.jpg 225w, http:\/\/korda.org\/wp-content\/uploads\/2022\/10\/\u00a9Foto-Lou-T-Lundqvist-Time-Dances-768x1024.jpg 768w, http:\/\/korda.org\/wp-content\/uploads\/2022\/10\/\u00a9Foto-Lou-T-Lundqvist-Time-Dances-1152x1536.jpg 1152w, http:\/\/korda.org\/wp-content\/uploads\/2022\/10\/\u00a9Foto-Lou-T-Lundqvist-Time-Dances-1536x2048.jpg 1536w, http:\/\/korda.org\/wp-content\/uploads\/2022\/10\/\u00a9Foto-Lou-T-Lundqvist-Time-Dances-scaled.jpg 1920w\" sizes=\"auto, (max-width: 225px) 100vw, 225px\" \/><\/a> <a href=\"https:\/\/korda.org\/?attachment_id=1446\" rel=\"attachment wp-att-1446\"><img loading=\"lazy\" decoding=\"async\" class=\"alignnone size-medium wp-image-1446\" src=\"http:\/\/korda.org\/wp-content\/uploads\/2022\/10\/Johannes-instrument-Time-Dances-300x225.jpg\" alt=\"\" width=\"300\" height=\"225\" srcset=\"http:\/\/korda.org\/wp-content\/uploads\/2022\/10\/Johannes-instrument-Time-Dances-300x225.jpg 300w, http:\/\/korda.org\/wp-content\/uploads\/2022\/10\/Johannes-instrument-Time-Dances-1024x768.jpg 1024w, http:\/\/korda.org\/wp-content\/uploads\/2022\/10\/Johannes-instrument-Time-Dances-768x576.jpg 768w, http:\/\/korda.org\/wp-content\/uploads\/2022\/10\/Johannes-instrument-Time-Dances-1536x1152.jpg 1536w, http:\/\/korda.org\/wp-content\/uploads\/2022\/10\/Johannes-instrument-Time-Dances-400x300.jpg 400w, http:\/\/korda.org\/wp-content\/uploads\/2022\/10\/Johannes-instrument-Time-Dances.jpg 2016w\" sizes=\"auto, (max-width: 300px) 100vw, 300px\" \/><\/a><a href=\"https:\/\/korda.org\/?attachment_id=1450\" rel=\"attachment wp-att-1450\"><img loading=\"lazy\" decoding=\"async\" class=\"alignnone size-medium wp-image-1450\" src=\"http:\/\/korda.org\/wp-content\/uploads\/2022\/10\/Drums-Set-300x225.jpg\" alt=\"\" width=\"300\" height=\"225\" srcset=\"http:\/\/korda.org\/wp-content\/uploads\/2022\/10\/Drums-Set-300x225.jpg 300w, http:\/\/korda.org\/wp-content\/uploads\/2022\/10\/Drums-Set-1024x768.jpg 1024w, http:\/\/korda.org\/wp-content\/uploads\/2022\/10\/Drums-Set-768x576.jpg 768w, http:\/\/korda.org\/wp-content\/uploads\/2022\/10\/Drums-Set-1536x1152.jpg 1536w, http:\/\/korda.org\/wp-content\/uploads\/2022\/10\/Drums-Set-400x300.jpg 400w, http:\/\/korda.org\/wp-content\/uploads\/2022\/10\/Drums-Set.jpg 2016w\" sizes=\"auto, (max-width: 300px) 100vw, 300px\" \/><\/a><\/p>\n<p>&nbsp;<\/p>\n<p>&nbsp;<\/p>\n<p><a href=\"https:\/\/korda.org\/?attachment_id=1447\" rel=\"attachment wp-att-1447\"><img loading=\"lazy\" decoding=\"async\" class=\"alignnone size-medium wp-image-1447\" src=\"http:\/\/korda.org\/wp-content\/uploads\/2022\/10\/\u00a9Foto-Max-Hebert-Barnet-Koreograferad-Bok-300x225.jpeg\" alt=\"\" width=\"300\" height=\"225\" srcset=\"http:\/\/korda.org\/wp-content\/uploads\/2022\/10\/\u00a9Foto-Max-Hebert-Barnet-Koreograferad-Bok-300x225.jpeg 300w, http:\/\/korda.org\/wp-content\/uploads\/2022\/10\/\u00a9Foto-Max-Hebert-Barnet-Koreograferad-Bok-1024x768.jpeg 1024w, http:\/\/korda.org\/wp-content\/uploads\/2022\/10\/\u00a9Foto-Max-Hebert-Barnet-Koreograferad-Bok-768x576.jpeg 768w, http:\/\/korda.org\/wp-content\/uploads\/2022\/10\/\u00a9Foto-Max-Hebert-Barnet-Koreograferad-Bok-1536x1152.jpeg 1536w, http:\/\/korda.org\/wp-content\/uploads\/2022\/10\/\u00a9Foto-Max-Hebert-Barnet-Koreograferad-Bok-400x300.jpeg 400w, http:\/\/korda.org\/wp-content\/uploads\/2022\/10\/\u00a9Foto-Max-Hebert-Barnet-Koreograferad-Bok.jpeg 1566w\" sizes=\"auto, (max-width: 300px) 100vw, 300px\" \/><\/a><a href=\"https:\/\/korda.org\/?attachment_id=1448\" rel=\"attachment wp-att-1448\"><img loading=\"lazy\" decoding=\"async\" class=\"alignnone size-medium wp-image-1448\" src=\"http:\/\/korda.org\/wp-content\/uploads\/2022\/10\/\u00a9Foto-Max-Hebert-Barnet-Koreograferad-Bok-300x225.jpg\" alt=\"\" width=\"300\" height=\"225\" srcset=\"http:\/\/korda.org\/wp-content\/uploads\/2022\/10\/\u00a9Foto-Max-Hebert-Barnet-Koreograferad-Bok-300x225.jpg 300w, http:\/\/korda.org\/wp-content\/uploads\/2022\/10\/\u00a9Foto-Max-Hebert-Barnet-Koreograferad-Bok-1024x768.jpg 1024w, http:\/\/korda.org\/wp-content\/uploads\/2022\/10\/\u00a9Foto-Max-Hebert-Barnet-Koreograferad-Bok-768x576.jpg 768w, http:\/\/korda.org\/wp-content\/uploads\/2022\/10\/\u00a9Foto-Max-Hebert-Barnet-Koreograferad-Bok-1536x1152.jpg 1536w, http:\/\/korda.org\/wp-content\/uploads\/2022\/10\/\u00a9Foto-Max-Hebert-Barnet-Koreograferad-Bok-2048x1536.jpg 2048w, http:\/\/korda.org\/wp-content\/uploads\/2022\/10\/\u00a9Foto-Max-Hebert-Barnet-Koreograferad-Bok-400x300.jpg 400w\" sizes=\"auto, (max-width: 300px) 100vw, 300px\" \/><\/a><a href=\"https:\/\/korda.org\/?attachment_id=1451\" rel=\"attachment wp-att-1451\"><img loading=\"lazy\" decoding=\"async\" class=\"alignnone size-medium wp-image-1451\" src=\"http:\/\/korda.org\/wp-content\/uploads\/2022\/10\/Recension-DD-\u00a9Max-Hebert-300x225.jpg\" alt=\"\" width=\"300\" height=\"225\" srcset=\"http:\/\/korda.org\/wp-content\/uploads\/2022\/10\/Recension-DD-\u00a9Max-Hebert-300x225.jpg 300w, http:\/\/korda.org\/wp-content\/uploads\/2022\/10\/Recension-DD-\u00a9Max-Hebert-1024x768.jpg 1024w, http:\/\/korda.org\/wp-content\/uploads\/2022\/10\/Recension-DD-\u00a9Max-Hebert-768x576.jpg 768w, http:\/\/korda.org\/wp-content\/uploads\/2022\/10\/Recension-DD-\u00a9Max-Hebert-1536x1152.jpg 1536w, http:\/\/korda.org\/wp-content\/uploads\/2022\/10\/Recension-DD-\u00a9Max-Hebert-2048x1536.jpg 2048w, http:\/\/korda.org\/wp-content\/uploads\/2022\/10\/Recension-DD-\u00a9Max-Hebert-400x300.jpg 400w\" sizes=\"auto, (max-width: 300px) 100vw, 300px\" \/><\/a><\/p>\n<p>Dansf\u00f6rest\u00e4llningen BARNET &#8211; Koreograferad Bok visades p\u00e5 \u00d6lsta Folkets Hus den 15 Maj 2022.<\/p>\n<p>\u201dL\u00e4ckert, tr\u00f6sterikt och viktigt\u201d n\u00e4r Lena de Veens bok blir dans<\/p>\n<p>Ett egenartat och fascinerande konstn\u00e4rligt uttryck pr\u00f6vas n\u00e4r Hoforsb\u00f6rdiga Lena de Veens roman blir dansf\u00f6rest\u00e4llning.<\/p>\n<p>Hennes precisa och m\u00e5lande spr\u00e5k f\u00f6rst\u00e4rks av dansarna och v\u00e4xer ut i rummet. Resultatet \u00e4r l\u00e4ckert, tr\u00f6sterikt och viktigt, skriver Arbetarbladets kulturs recensent Max Hebert. &#8221;<\/p>\n<p style=\"text-align: left;\">I dansf\u00f6rest\u00e4llningen v\u00e4vs dans, text, musik, film och r\u00f6st samman till en poetisk helhet. Lena de Veen l\u00e4ser delar ur boken. Koreografen Linda Forsman &nbsp;och bildkonstn\u00e4ren \/ ljusdesignern \/ musikern Lou T Lundqvist tolkar<\/p>\n<p>F\u00f6rest\u00e4llningen \u00e4r dans och koreografi p\u00e5 h\u00f6g teknisk niv\u00e5 i ett nytt koncept.Koreografen arbetar utifr\u00e5n kontexten &#8221; att koreografera en bok &#8221; och \u00e4r en fri tolkning av Lena de Veens bok<\/p>\n<p style=\"text-align: left;\">Linda Forsman, Lena de Veen och Lou T Lundqvist har skapat en stark f\u00f6rest\u00e4llning d\u00e4r dans, musik, film och text speglar k\u00e4nslor och st\u00e4mningar<\/p>\n<p style=\"text-align: left;\">Koreografen Linda Forsman har med sina r\u00f6relser tolkat Lena de Veens text. Koreografin \u00e4r fastlagd men det finns utrymme f\u00f6r improvisation<\/p>\n<p>F\u00f6rfattare \/ Ber\u00e4ttare : Lena de Veen<\/p>\n<p>Koreograf \/ R\u00f6relsematerial : Linda Forsman<\/p>\n<p>Scenograf \/Ljusdesigner :&nbsp;Lou T Lundqvist<\/p>\n<p>Musik \/ Film : Lou T Lundqvist<\/p>\n<p>Dansare : Linda Forsman, Maria P\u00e5hls, Rebecka Carlsson, Elisabeth Christine Holth<\/p>\n<p style=\"text-align: left;\">Dansf\u00f6rest\u00e4llningen BARNET &#8211; Koreograferad Bok<\/p>\n<p style=\"text-align: left;\">Korda AIM Danskompani och f\u00f6rfattaren Lena de Veen har skapat dansf\u00f6rest\u00e4llningen BARNET, som tar sin utg\u00e5ngspunkt ur f\u00f6rfattarens debutroman &#8221; Den korta stund &#8221;. F\u00f6rest\u00e4llningen hade&nbsp;premi\u00e4r p\u00e5 Folkets Hus i Hofors den 21 Oktober 2021. I samarbete med ABF Hofors, Teaterf\u00f6reningen Hofors, Riksteatern G\u00e4vleborg samt Hofors hembygdsf\u00f6rening.<\/p>\n<p style=\"text-align: left;\">&#8221; Den korta stund &#8221;&nbsp;handlar om n\u00e4r livet tar en ov\u00e4ntad v\u00e4ndning, om f\u00f6rlust och sorg &#8211; men ocks\u00e5 om v\u00e4nskap, k\u00e4rlek och relationer. Den \u00e4r f\u00f6rsta delen i en planerad trilogi, baserad p\u00e5 f\u00f6rfattarens mormors liv i Hedesunda p\u00e5 1930 &#8211; talet<\/p>\n<p>Dansf\u00f6rest\u00e4llningen BARNET &#8211; Koreograferad Bok visades p\u00e5 Folkets Hus i Sandviken i samarbete med Sandvikens Teaterf\u00f6rening, Kulturskolan Sandviken, Sandvikens kommun och ABF Hofors kl 19.00 S\u00f6ndag den 13 Februari 2022.<\/p>\n<p>Dansf\u00f6rest\u00e4llningen BARNET \u2013 Koreograferad Bok, produceras av KORDA Art in Motion Danskompani med st\u00f6d av Region Dalarna, Region G\u00e4vleborg och Kulturr\u00e5det. Och i samarbete med ABF \u2013 Hofors och Riksteatern G\u00e4vleborg.<\/p>\n<p>&nbsp;<\/p>\n","protected":false},"excerpt":{"rendered":"<p>MENHIR II 10 min 2025 2026 Workshop med Linda Forsman 13 Juni &#8211; 14 Juni&nbsp; Kl: 11.00 &#8211; 14.00 Anm\u00e4lan \u00f6ppen. Winterstudio at Matses &nbsp; &nbsp; Julyen Hamilton in Solo Anonymous Eleni Pantazatou and&nbsp;Linda Forsman in Duet Eleni Pantazatou and&nbsp;Linda &hellip; <a class=\"more-link\" href=\"http:\/\/korda.org\/?page_id=712\">L\u00e4s mer <span class=\"meta-nav\">&rarr;<\/span><\/a><\/p>\n","protected":false},"author":1,"featured_media":1695,"parent":0,"menu_order":0,"comment_status":"closed","ping_status":"closed","template":"paget-iframe.php","meta":{"ngg_post_thumbnail":0,"footnotes":""},"class_list":["post-712","page","type-page","status-publish","has-post-thumbnail","hentry"],"_links":{"self":[{"href":"http:\/\/korda.org\/index.php?rest_route=\/wp\/v2\/pages\/712","targetHints":{"allow":["GET"]}}],"collection":[{"href":"http:\/\/korda.org\/index.php?rest_route=\/wp\/v2\/pages"}],"about":[{"href":"http:\/\/korda.org\/index.php?rest_route=\/wp\/v2\/types\/page"}],"author":[{"embeddable":true,"href":"http:\/\/korda.org\/index.php?rest_route=\/wp\/v2\/users\/1"}],"replies":[{"embeddable":true,"href":"http:\/\/korda.org\/index.php?rest_route=%2Fwp%2Fv2%2Fcomments&post=712"}],"version-history":[{"count":214,"href":"http:\/\/korda.org\/index.php?rest_route=\/wp\/v2\/pages\/712\/revisions"}],"predecessor-version":[{"id":1970,"href":"http:\/\/korda.org\/index.php?rest_route=\/wp\/v2\/pages\/712\/revisions\/1970"}],"wp:featuredmedia":[{"embeddable":true,"href":"http:\/\/korda.org\/index.php?rest_route=\/wp\/v2\/media\/1695"}],"wp:attachment":[{"href":"http:\/\/korda.org\/index.php?rest_route=%2Fwp%2Fv2%2Fmedia&parent=712"}],"curies":[{"name":"wp","href":"https:\/\/api.w.org\/{rel}","templated":true}]}}