{"id":298,"date":"2013-04-10T20:49:25","date_gmt":"2013-04-10T18:49:25","guid":{"rendered":"http:\/\/pc-mac.se\/word\/?page_id=298"},"modified":"2026-01-18T16:53:17","modified_gmt":"2026-01-18T15:53:17","slug":"matsesgarden","status":"publish","type":"page","link":"https:\/\/korda.org\/?page_id=298","title":{"rendered":"Matsesg\u00e5rden i Stigsbo, Dalarna"},"content":{"rendered":"<p style=\"font-family: Arial, Helvetica, sans-serif; font-size: 18px; text-align: left;\" align=\"center\">International center for choreography,&nbsp;visual art, music and literature<\/p>\n<p style=\"font-family: Arial, Helvetica, sans-serif; font-size: 18px; text-align: left;\" align=\"center\"><a href=\"http:\/\/korda.org\/wp-content\/uploads\/2013\/03\/Matsesgarden1.png\"><img loading=\"lazy\" decoding=\"async\" class=\"alignnone size-full wp-image-344\" src=\"http:\/\/korda.org\/wp-content\/uploads\/2013\/03\/Matsesgarden1.png\" alt=\"Matsesgarden\" width=\"267\" height=\"191\"><\/a><\/p>\n<p style=\"font-family: Arial, Helvetica, sans-serif; font-size: 18px; text-align: left;\" align=\"center\">KORDA Art in Motion&nbsp;<span class=\"Y2IQFc\" style=\"font-family: arial, helvetica, sans-serif; font-size: 12pt;\" lang=\"en\">offers Art Exhibition with national and international artists, Dance performances in the garden, and in the studio, Residency for visual artists, dancers, choreographers and writers, DANSLUST creative program for children, young people and newcomers.<\/span><\/p>\n<p style=\"font-family: Arial, Helvetica, sans-serif; font-size: 18px; text-align: left;\">Adress: Stigsbo Matses 207<\/p>\n<p style=\"font-family: Arial, Helvetica, sans-serif; font-size: 18px; text-align: left;\">776 74 Stj\u00e4rnsund, Sweden<\/p>\n<p style=\"font-family: Arial, Helvetica, sans-serif; font-size: 18px; text-align: left;\">070 &#8211; 206 93 37<\/p>\n<p style=\"font-family: Arial, Helvetica, sans-serif; font-size: 18px; text-align: left;\"><a href=\"mailto:info@korda.org\">info@korda.org<\/a><\/p>\n<p>&nbsp;<\/p>\n<p><span style=\"font-size: 18pt;\"><strong>2026<\/strong><\/span><\/p>\n<p><span style=\"font-size: 18pt;\">New information coming soon!<\/span><\/p>\n<p>&nbsp;<\/p>\n<p><span style=\"font-size: 14pt;\"><strong>2025<\/strong><\/span><\/p>\n<p><strong>The program summer season 2025<\/strong><\/p>\n<p>Sunday at 13.00 the 13th of July was the Opening of the Art Exhibition in Gallery Klingbyggningen<\/p>\n<p>Works by Lars Boberg, Stefan Fransson, Maria Hamberg, Karl Valve, &nbsp;Lou T Lundqvist, \u00c5sa Kvissberg, Marie Nor\u00e9e, Kristina Alexandersson Malmberg och Olle Magnusson<\/p>\n<p>The Exhibition was opened by \u00c5ke&nbsp;Bengtsson, the president of Folkets Hus and Park in Hofors<\/p>\n<p>Opening Hours: Wednesday \u2013 Sunday 13\/7 \u2013 31\/8 &nbsp;13.00 \u2013 16.00<\/p>\n<p><strong><span style=\"font-size: 12pt;\">Soloperformance<\/span><\/strong><\/p>\n<div>\n<p>SOLO BIRD II &#8211; 18 July, 19 July, 20 July&nbsp;<\/p>\n<p>Choreography\/ Dance: Linda Forsman<\/p>\n<p>Music : Lou T Lundqvist<\/p>\n<p>Poetry: Visual Artist H\u00e5kan Blomkvist<\/p>\n<\/div>\n<div>\n<p><a href=\"https:\/\/kulturbiljetter.se\/evenemang\/8040\/dansf\u00f6rest\u00e4llning-i-\">https:\/\/kulturbiljetter.se\/evenemang\/8040\/dansf\u00f6rest\u00e4llning-i-<\/a><\/p>\n<\/div>\n<div>\n<p>2nd of August and 3rd of August Julyen Hamilton presented the Workshop&nbsp;THEATRE WORKS,&nbsp;&#8217;making dances &#8211; poetic richness&#8217;<\/p>\n<\/div>\n<div>\n<p>Julyen Hamilton&#8217;s teaching investigates deeply the creative act and the technique needed to accompany and facilitate it.&nbsp; It stems from his experience as a soloist, director of Allen&#8217;s Line and performer in numerous ensemble situations over the past 45 years.<\/p>\n<p><strong><span style=\"font-size: 12pt;\">Guestperformance Julyen Hamilton<\/span><\/strong><\/p>\n<p>The Artistic Collaboration between Julyen Hamilton, Linda Forsman and Lou T Lundqvist&nbsp;was supported by The Swedish Arts Grants Committee. Konstn\u00e4rsn\u00e4mnden.<\/p>\n<\/div>\n<div>\n<p>The Premiere of our collaboration and Guestperformance by Julyen Hamilton and Eleni Pantazatou was the 6, 7th and 8th of August<\/p>\n<\/div>\n<div>\n<p>Choreografy and Dance :&nbsp;Julyen Hamilton, Linda Forsman and Eleni Pantazatou<\/p>\n<p>Electroacoustic Music : Lou T Lundqvist<\/p>\n<\/div>\n<div>\n<p><strong>Guestperformances<\/strong><\/p>\n<div>\n<p>27th of &nbsp;June 19.00 Danceperformance in The Garden &nbsp;<\/p>\n<p>KORDA Art &amp; Lotta Gahrton Prod.<\/p>\n<\/div>\n<p>17 th of May &#8211; The Day of HusbyRingen, Danceperformance in Kloster &#8211;&nbsp;KORDA Art &amp; Lotta Gahrton Prod.<\/p>\n<p><strong>Ovansj\u00f6festen<\/strong><\/p>\n<p>26th of April &#8211; Danceperformance by Linda Forsman, Julyen Hamilton and Lou T Lundqvist.<\/p>\n<p>Solos and Duos by Linda Forsman, Julyen Hamilton&nbsp;<\/p>\n<p>Electroacoustic Music by Lou T Lundqvist.<\/p>\n<p>Kindly supported by Kultur G\u00e4vleborg and Arrang\u00f6rsf\u00f6reningen, Sandviken.<\/p>\n<p>&nbsp;<\/p>\n<p><span style=\"font-size: 14pt;\"><strong>2024<\/strong><\/span><\/p>\n<\/div>\n<div>\n<div>\n<p><span style=\"font-size: 14pt;\"><strong><span class=\"y2iqfc\"><span lang=\"EN\">Art Exhibition&nbsp; <\/span><\/span><\/strong><\/span><\/p>\n<\/div>\n<div>\n<p><span class=\"y2iqfc\"><span lang=\"EN\">open Wed \u2013 Sun 7\/7 \u2013 1\/9 at 13:00 \u2013 16:00<\/span><\/span><\/p>\n<\/div>\n<div>\n<p>Charlotte Oster opened the Art Exhibition on 7\/7<\/p>\n<\/div>\n<div>\n<p><span class=\"y2iqfc\"><span lang=\"EN\">Alva Krogh sang her own songs&nbsp; <\/span><\/span><\/p>\n<\/div>\n<div>\n<p>What an explosion of color!<\/p>\n<\/div>\n<div>\n<p><span class=\"y2iqfc\"><span lang=\"EN\">A super-duper wonderful Art Exhibition in Galleri Klingsbyggningen. Works by: Kaj Ard, painting, Stefan Fransson, Painting,&nbsp;<\/span><\/span>Maria Hamberg, painting, Pontus Ersbacken, Sculpture, Lars Boberg, Painting, Meg Ersbacken Engman, painting, Florent Chamard, Painting, Marie Noree, ceramics together with KORDA&#8217;s Set Designer and visual artist Lou T Lundqvist at Matsesg\u00e5rden Stigsbo.<\/p>\n<\/div>\n<\/div>\n<div>\n<p><a href=\"https:\/\/www.visitdalarna.se\/gora\/sevardheter\/matsesgarden-stigsbo-korda-art-motion\">https:\/\/www.visitdalarna.se\/gora\/sevardheter\/matsesgarden-stigsbo-korda-art-motion<\/a><\/p>\n<\/div>\n<div>\n<p><strong>Dansf\u00f6rest\u00e4llning i Tr\u00e4dg\u00e5rden<\/strong><\/p>\n<p>Premi\u00e4r 26\/7 kl. 19.00<\/p>\n<p>spelades 27\/7, 28\/7, 16\/8, 17\/8, 18\/8 kl.19.00<\/p>\n<p>Unik danskonstnaturupplevelse \u201d Sommarens h\u00f6jdpunkt\u201d citat av bes\u00f6kare. 2024 inspirerades vi av GAVIA ARCTICA, den arktiska vattenf\u00e5geln, G\u00e4striklands landskapsf\u00e5gel, Storlommen, sj\u00f6n Grycken, Skogstr\u00e4dg\u00e5rden, tr\u00e4den och gr\u00e4set. Koreograf: Linda Forsman. Scenograf &#8211; Bildkonstn\u00e4r &#8211; Musiker Lou T Lundqvist. Dansare: Linda Forsman, Kerstin Abrahamsson och Rebecka Carlsson. V\u00e4lkomna till en unik upplevelse.<\/p>\n<div>\n<p><b>Dansf\u00f6rest\u00e4llning i Tr\u00e4dg\u00e5rden &#8211; G\u00e4stspel av Julyen Hamilton<\/b><\/p>\n<\/div>\n<div>\n<p><b>Premi\u00e4r 9\/8 kl. 19.00<\/b><\/p>\n<\/div>\n<div>\n<p>Dansverk av Linda Forsman, Julyen Hamilton och Lou T Lundqvist<\/p>\n<\/div>\n<div>\n<p>spelades \u00e4ven 10\/8 och 11\/8&nbsp; kl.19.00<\/p>\n<\/div>\n<\/div>\n<div>\n<p>&nbsp;<\/p>\n<div>\n<p>Dansverk av Linda Forsman, Julyen Hamilton och Lou T Lundqvist<\/p>\n<\/div>\n<div>\n<p>i Tr\u00e4dg\u00e5rden och Koreografen och kreativiteten &#8211; Samtal med Christel \u00d6stfelt.<\/p>\n<\/div>\n<\/div>\n<div>\n<div>\n<p>Koreografen och kreativiteten \u2013 en inre resa&nbsp;<\/p>\n<\/div>\n<div>\n<p>samtal mellan Linda Forsman, Julyen Hamilton och Christel \u00d6stfelt, psykoanalytiker.<\/p>\n<p>10\/8 kl.19.00<\/p>\n<\/div>\n<\/div>\n<div>\n<p><span style=\"font-size: 12pt;\">Workshop med Julyen Hamilton<\/span><\/p>\n<p>Kl. 10.30 &#8211; 13.30 den 10\/8 och 11\/8<\/p>\n<p>Julyen Hamilton&#8217;s teaching investigates deeply the creative act and the technique needed to accompany and facilitate it.<\/p>\n<p>His vision of technique is one which observes how things are made, how they function and how knowledge, experience and intuition can be used to create the work we each need<\/p>\n<p>to make.&nbsp;It naturally enters the worlds of physiology, philosophy, culture, imagination and the future.<\/p>\n<p><b> THIS workshop considers and practices the essential nature of the SPACE<\/b><\/p>\n<p><b> in which choreography and dance can be made and performed.<\/b><\/p>\n<p><b> It penetrates the themes of radial and Cartesian space and how they affect the <span class=\"Apple-converted-space\">&nbsp; &nbsp; &nbsp; &nbsp;<\/span><\/b><\/p>\n<p><b>moving body&nbsp;<\/b><b>and the theatrical space where audience and performer meet.<\/b><\/p>\n<p>In recent years the compositional elements of major concern have been&nbsp;time space, dramaturgy, music and the voice;<span class=\"Apple-converted-space\">&nbsp; <\/span>they stem from his experience as a dancer who creates and organises material instantly before the public.<\/p>\n<p>The basic work is the handling of the body and the &#8217;speaking&#8217; from it in space, motion and time.<\/p>\n<p>Its co-ordination and its relationship to the material it creates<span class=\"Apple-converted-space\">&nbsp; <\/span>&#8211;<span class=\"Apple-converted-space\">&nbsp; <\/span>and then to the sharing of it&nbsp;in performance.<\/p>\n<p>His ability to distil and convey essential principles allows dancers from a wide range of backgrounds to engage in his methodology.<\/p>\n<p><i>This course in Sweden<span class=\"Apple-converted-space\">&nbsp; <\/span>(in August 2024) is open to all those with a creative interest in Space\u2026how we perceive it\u2026and how we might use these perceptions in our creativity\u2026be it dance, painting, photography, music, theatre\u2026.<span class=\"Apple-converted-space\">&nbsp;<\/span><\/i><\/p>\n<p><i>While the experience from which the teaching comes has been through years of a dancing and dance-making body, participants have no need to have had a movement training or be in a peak of fitness; all ages and abilities are welcome; please bring simply your interest in Space!<\/i><\/p>\n<p>Anm\u00e4lan till :&nbsp;<a href=\"linda@korda.org\">linda@korda.org<\/a><\/p>\n<p>&nbsp;<\/p>\n<p><span style=\"font-size: 12pt;\">F\u00f6reningen N\u00e4tverket Dans i Dalarna har N\u00e4tverksm\u00f6te p\u00e5 Matsesg\u00e5rden Stigsbo kl. 10.00 &#8211; 16.00 den 24 Augusti.<\/span><\/p>\n<p><span style=\"font-size: 12pt;\">Start kl. 10.00 &nbsp;workshop med SATOSHI KUDO, lunch 12.00 &#8211; 13.00 diskussioner och samtal 13.00 &#8211; 16.00<\/span><\/p>\n<p>Satoshi Kudo is a choreographer and dancer, based in Stockholm. He has danced for Ohad Naharin, Danish Dance Theatre, Sidi Larbi Cherkaoui and various artists. He also worked as a rehearsal director for numbers of works of Cherkaoui, Royal Swedish Ballet including the works of Mats Ek, Johan Ingar, Alexander Ekman and Sharon Eyal. Kudo has been working as a choreographer since 2002 and creating work for worldwide.&nbsp;<\/p>\n<div><span style=\"color: #141827;\">&nbsp;<\/span><\/div>\n<div><span style=\"color: #141827;\">Description<\/span><\/div>\n<div>Practicing basic floor-work exercises for understanding physics of body structure. It gives you safety and logic for moving with gravity. In the combination, you learn flowing movement with constant off-balance. This activate your reflex through the amygdala.<\/div>\n<div>&nbsp;<\/div>\n<p>Anm\u00e4lan till:&nbsp;<a href=\"carinawartin@hotmail.com\">carinawartin@hotmail.com<\/a><\/p>\n<p>&nbsp;<\/p>\n<p><span style=\"font-size: 14pt;\"><strong>2023<\/strong><\/span><\/p>\n<\/div>\n<p><span style=\"font-size: 14pt;\"><strong>Kulturcenter&nbsp; Matsesg\u00e5rden Stigsbo<\/strong><\/span><\/p>\n<p>&nbsp;<\/p>\n<p><span style=\"font-size: 14pt;\">Erika O\u00b4Neill dansare och koreograf inbj\u00f6ds till dansresidens p\u00e5 Matsesg\u00e5rden Stigsbo under tiden 18\/9 &#8211; 29\/9 2023.<\/span><\/p>\n<p><span style=\"font-size: 14pt;\">Med st\u00f6d av F\u00f6reningen N\u00e4tverket Dans i Dalarna. En uppf\u00f6ljning genomf\u00f6rs h\u00f6sten 2024.<\/span><\/p>\n<p><span style=\"font-size: 14pt;\">F\u00f6reningen N\u00e4tverket Dans i Dalarna hade N\u00e4tverksm\u00f6te p\u00e5 Matsesg\u00e5rden Stigsbo den 26 Augusti.<\/span><\/p>\n<p>&nbsp;<\/p>\n<p><span style=\"font-size: 14pt;\">F\u00f6ljande residensverksamhet har genomf\u00f6rts p\u00e5 <\/span><\/p>\n<p><span style=\"font-size: 14pt;\">MATSESG\u00c5RDEN Stigsbo<\/span><\/p>\n<p><span style=\"font-size: 14pt;\">2023 &#8211; Erika O\u00b4Neill &#8211; med st\u00f6d av N\u00e4tverket Dans i Dalarna<\/span><\/p>\n<p><span style=\"font-size: 14pt;\">2023 &#8211; Brandon Collwes, New York, USA, with the support of Merce <\/span><\/p>\n<p><span style=\"font-size: 14pt;\">&nbsp; &nbsp; &nbsp; &nbsp; &nbsp; Cunningham Trust and The Swedish Arts Grants Committee<\/span><\/p>\n<p><span style=\"font-size: 14pt;\">2021 \u2013 AERPIE \u2013 Marika Renhuvud och Madeleine Renhuvud<\/span><\/p>\n<p><span style=\"font-size: 14pt;\">2017 \u2013 FanClub \u2013 Danmark<\/span><\/p>\n<p><span style=\"font-size: 14pt;\">2015 \u2013 Eva Karczag Holland\/Australien, Chris Crickmay \u2013 England, <\/span><\/p>\n<p><span style=\"font-size: 14pt;\">&nbsp; &nbsp; &nbsp; &nbsp; &nbsp; &nbsp;Sylvia Hallett \u2013 England &#8211; <\/span><span style=\"font-size: 14pt;\">With the support of&nbsp;The Swedish Arts <\/span><\/p>\n<p><span style=\"font-size: 14pt;\">&nbsp; &nbsp; &nbsp; &nbsp; &nbsp; &nbsp;Grants Committee<\/span><\/p>\n<p><span style=\"font-size: 14pt;\">2014 \u2013 My Johansson \u2013 Malung \u2013 London &#8211; <\/span><\/p>\n<p><span style=\"font-size: 14pt;\">&nbsp; &nbsp; &nbsp; &nbsp; &nbsp; &nbsp;with the support of Region <\/span><span style=\"font-size: 14pt;\">Dalarna<\/span><\/p>\n<p><span style=\"font-size: 14pt;\">2012 &#8211; Machi Dimitriado &#8211; Lindahl &#8211; Cypern<\/span><\/p>\n<p>&nbsp;<\/p>\n<p><strong><span style=\"font-size: 14pt;\">Galleri Klingbyggningen<\/span><\/strong><\/p>\n<p><span style=\"font-size: 14pt;\">Konstutst\u00e4llning genomf\u00f6rdes 9\/7 \u2013 3\/9 2023<\/span><\/p>\n<p><span style=\"font-size: 14pt;\"><strong>Vernissage 9\/7 kl. 13.00<\/strong><\/span><\/p>\n<p><span style=\"font-size: 14pt;\">\u00d6ppet Onsdag \u2013 S\u00f6ndag 13.00 \u2013 16.00<\/span><\/p>\n<p><span style=\"font-size: 14pt;\">Konstn\u00e4rerna som deltog i Konstutst\u00e4llningen \u00e4r :<\/span><\/p>\n<p><span style=\"font-size: 14pt;\">H\u00e5kan Blomkvist, Camilla Bergman, Florent Chamard, Pontus Ersbacken, Peter Flink, Mahmoud Hesso,&nbsp;Gunilla L\u00f6fgren, Shireen Haj Mustaffa, Magdolna Szab\u00f3 och Riitta Tj\u00f6rneryd&nbsp;tillsammans med KORDAs scenograf och bildkonstn\u00e4r Lou T Lundqvist p\u00e5 Matsesg\u00e5rden.&nbsp;<\/span><\/p>\n<p><a href=\"http:\/\/korda.org\/wp-content\/uploads\/2023\/05\/KAIM-Annons-Matses-2023-Visit-Dalarna.tif\"><img loading=\"lazy\" decoding=\"async\" class=\"alignnone size-medium wp-image-1540\" src=\"http:\/\/korda.org\/wp-content\/uploads\/2023\/05\/KAIM-Annons-Matses-2023-Visit-Dalarna.tif\" alt=\"\" width=\"1\" height=\"1\"><\/a><a href=\"http:\/\/korda.org\/wp-content\/uploads\/2023\/05\/Camilla-BergmanUrd-och-Ratatosk-1.jpeg\"><img loading=\"lazy\" decoding=\"async\" class=\"alignnone size-medium wp-image-1558\" src=\"http:\/\/korda.org\/wp-content\/uploads\/2023\/05\/Camilla-BergmanUrd-och-Ratatosk-1-300x279.jpeg\" alt=\"\" width=\"300\" height=\"279\" srcset=\"https:\/\/korda.org\/wp-content\/uploads\/2023\/05\/Camilla-BergmanUrd-och-Ratatosk-1-300x279.jpeg 300w, https:\/\/korda.org\/wp-content\/uploads\/2023\/05\/Camilla-BergmanUrd-och-Ratatosk-1-1024x953.jpeg 1024w, https:\/\/korda.org\/wp-content\/uploads\/2023\/05\/Camilla-BergmanUrd-och-Ratatosk-1-768x715.jpeg 768w, https:\/\/korda.org\/wp-content\/uploads\/2023\/05\/Camilla-BergmanUrd-och-Ratatosk-1-1536x1430.jpeg 1536w, https:\/\/korda.org\/wp-content\/uploads\/2023\/05\/Camilla-BergmanUrd-och-Ratatosk-1-2048x1906.jpeg 2048w, https:\/\/korda.org\/wp-content\/uploads\/2023\/05\/Camilla-BergmanUrd-och-Ratatosk-1-322x300.jpeg 322w\" sizes=\"auto, (max-width: 300px) 100vw, 300px\" \/><\/a><\/p>\n<p>&nbsp;<\/p>\n<div>\n<div>\n<p><a href=\"https:\/\/www.visitdalarna.se\/gora\/sevardheter\/matsesgarden-stigsbo-korda-art-motion\">https:\/\/www.visitdalarna.se\/gora\/sevardheter\/matsesgarden-stigsbo-korda-art-motion<\/a><\/p>\n<p><span style=\"font-size: 14pt;\">Finissage 3\/9 kl. 13.00 &#8211; Artist Talk Magdolna Szab\u00f3 och Solodans Linda Forsman<\/span><\/p>\n<p><a href=\"https:\/\/www.visitdalarna.se\/matsesgarden-stigsbo-korda-art-motion\">https:\/\/www.visitdalarna.se\/matsesgarden-stigsbo-korda-art-motion<\/a><\/p>\n<p><span style=\"font-size: 14pt;\">Dansf\u00f6rest\u00e4llningar i Tr\u00e4dg\u00e5rden &#8211; internationellt konstn\u00e4rligt utbyte.<\/span><\/p>\n<p class=\"preamble\"><span style=\"font-size: 14pt;\">Linda Forsman och Lou T Lundqvist i KORDA Art genomf\u00f6rde ett nytt samarbete med&nbsp;Dansaren \/ Koreografen och Bildkonstn\u00e4ren Brandon Collwes fr\u00e5n New York. &nbsp;<\/span><\/p>\n<p class=\"preamble\"><span style=\"font-size: 14pt;\">Brandon Collwes arbetade som dansare i Merce Cunningham Dance Company, New York 2006 &#8211; 2011.<\/span><\/p>\n<p><span style=\"font-size: 14pt;\">Tack till Konstn\u00e4rsn\u00e4mnden f\u00f6r st\u00f6d till detta internationella konstn\u00e4rliga utbyte.<\/span><\/p>\n<p>&nbsp;<\/p>\n<p><strong><span style=\"font-size: 14pt;\">Dansf\u00f6rest\u00e4llningen QUINTAL II i Tr\u00e4dg\u00e5rden p\u00e5 Matsesg\u00e5rden Stigsbo<\/span><\/strong><\/p>\n<div class=\"description\">\n<p><span style=\"font-size: 14pt;\">Tillsammans skapade de Dansf\u00f6rest\u00e4llningen QUINTAL II som hade&nbsp;<\/span><span style=\"font-size: 14pt;\">Premi\u00e4r 28\/7 kl : 19.00 och s<\/span><span style=\"font-size: 14pt;\">pelades : 28\/7, 29\/7, 30\/7. <\/span><\/p>\n<p><span style=\"font-size: 14pt;\">Koreografi Linda Forsman och Brandon Collwes. <\/span><\/p>\n<p><span style=\"font-size: 14pt;\">Scenbild och Kostym : Brandon Collwes. <\/span><\/p>\n<p><span style=\"font-size: 14pt;\">Elektroakustisk musik: Lou T Lundqvist<\/span><\/p>\n<p><span style=\"font-size: 14pt;\">Dansare : Linda Forsman, Brandon Collwes, Hanna Becker, Rannhvi Mebius Jormin, Tobias Sk\u00f6ld. <\/span><\/p>\n<\/div>\n<p><strong><span style=\"font-size: 14pt;\">Spelades \u00e4ven : 4\/8, 5\/8, 6\/8 Kl. 19.00<\/span><\/strong><\/p>\n<p><span style=\"font-size: 14pt;\">Koreografi Linda Forsman och Brandon Collwes. <\/span><\/p>\n<p><span style=\"font-size: 14pt;\">Scenbild och Kostym : Brandon Collwes. <\/span><\/p>\n<p><span style=\"font-size: 14pt;\">Elektroakustisk musik: Lou T Lundqvist<\/span><\/p>\n<p><span style=\"font-size: 14pt;\">Dansare : Linda Forsman, Hanna Becker, Rannhvi Mebius Jormin, Tobias Sk\u00f6ld.<\/span><\/p>\n<p><strong><span style=\"font-size: 14pt;\">Spelades \u00e4ven : 11\/8, 12\/8,13\/8 kl : 19.00<\/span><\/strong><\/p>\n<p><span style=\"font-size: 14pt;\">Koreografi Linda Forsman och Brandon Collwes. <\/span><\/p>\n<p><span style=\"font-size: 14pt;\">Scenbild och Kostym : Brandon Collwes. <\/span><\/p>\n<p><span style=\"font-size: 14pt;\">Elektroakustisk musik: Lou T Lundqvist<\/span><\/p>\n<p><span style=\"font-size: 14pt;\">Dansare : Linda Forsman, Hanna Becker, Tobias Sk\u00f6ld.<\/span><\/p>\n<p><span style=\"font-size: 14pt;\">Musik live av multiinstrumentalisten Conny Laxell.<\/span><\/p>\n<p><span style=\"font-size: 12pt;\">Boka biljetter:&nbsp;<a href=\"https:\/\/kulturbiljetter.se\/evenemang\/6365\/quintal-ii\/\">https:\/\/kulturbiljetter.se\/evenemang\/6365\/quintal-ii\/<\/a><\/span><\/p>\n<p><span style=\"font-size: 12pt;\"><a href=\"https:\/\/www.nortic.se\/ticket\/event\/44325\">https:\/\/www.nortic.se\/ticket\/event\/44325&nbsp;<\/a><\/span><\/p>\n<p>&nbsp;<\/p>\n<p><span style=\"font-size: 14pt;\"><strong>2022<\/strong><\/span><\/p>\n<p style=\"text-align: left;\" align=\"center\"><span style=\"font-size: 14pt;\"><strong>Sommarutst\u00e4llning i Galleri Klingbyggningen<\/strong><\/span><\/p>\n<\/div>\n<div><span style=\"font-size: 14pt;\">Plats : Galleri Klingbyggningen, Matsesg\u00e5rden, Stigsbo<\/span><\/div>\n<div>&nbsp;<\/div>\n<p style=\"text-align: left;\" align=\"center\"><span style=\"font-size: 14pt;\">Vernissage den 3 Juli kl 13.00<\/span><\/p>\n<\/div>\n<p style=\"text-align: left;\" align=\"center\">Eva Ersbacken invigde Konstutst\u00e4llningen<\/p>\n<div>\n<div>\n<p><span style=\"font-size: 14pt;\">Konstn\u00e4rerna som deltog i Sommarens Konstutst\u00e4llning \u00e4r Jill H\u00f6jerberg, Riitta Tj\u00f6rneryd, Mahmoud Hesso, Gunilla L\u00f6fgren, Marieta Toneva, H\u00e5kan Blomkvist, Lisa Persson Baag\u00f6e, Marie Nor\u00e9e tillsammans med KORDAs scenograf och bildkonstn\u00e4r Lou T Lundqvist p\u00e5 Matsesg\u00e5rden.&nbsp;<\/span><\/p>\n<p>&nbsp;<\/p>\n<\/div>\n<p style=\"text-align: left;\" align=\"center\"><span style=\"font-size: 14pt;\">Utst\u00e4llningen visades till och med 28 Augusti 2022<\/span><\/p>\n<p style=\"text-align: left;\" align=\"center\"><span style=\"font-size: 14pt;\">\u00d6ppettider onsdag &#8211; s\u00f6ndag 13.00 &#8211; 16.00<\/span><\/p>\n<p align=\"center\">&nbsp;<\/p>\n<p style=\"text-align: left;\" align=\"center\"><span style=\"font-size: 14pt;\"><strong>Dansf\u00f6rest\u00e4llningar i Tr\u00e4dg\u00e5rden<\/strong><\/span><\/p>\n<\/div>\n<div>\n<p align=\"center\">&nbsp;<\/p>\n<p style=\"text-align: left;\" align=\"center\"><span style=\"font-size: 14pt;\">Linda Forsman och Lou T Lundqvist skapade TimeDances en dansf\u00f6rest\u00e4llning med utg\u00e5ngspunkt i Tr\u00e4dg\u00e5rden p\u00e5 Matsesg\u00e5rden Stigsbo av KORDA Art in Motion Danskompani. 5 km \u00f6ster om Stj\u00e4rnsund, 1000 steg till G\u00e4vleborgs l\u00e4n, 29 km till Hofors, 44 km till Sandviken och 60 km till G\u00e4vle.<\/span><\/p>\n<\/div>\n<p><span style=\"font-size: 14pt;\">Koreografi : Linda Forsman<\/span><\/p>\n<p><span style=\"font-size: 14pt;\">Scenografi&nbsp;:&nbsp;Lou T Lundqvist.&nbsp;<\/span><\/p>\n<p><span style=\"font-size: 14pt;\">Improvisation live : Johannes Bergmark, Markus Lindmark och Emelie Sj\u00f6str\u00f6m.<\/span><\/p>\n<p><span style=\"font-size: 14pt;\">Dansare : Elisabeth Christine Holth, Linda Forsman, Hanna R\u00f6ckner<\/span><\/p>\n<p style=\"text-align: left;\"><span style=\"font-size: 14pt;\">Matsesg\u00e5rden Stigsbo ligger 5 km \u00f6ster om Stj\u00e4rnsund och HusbyRingen, Sveriges f\u00f6rsta Eko museum. F\u00f6lj v\u00e4g 764 till eller fr\u00e5n Storvik och G\u00e4vle s\u00e5 kommer du till byn Stigsbo.<\/span><\/p>\n<p><span style=\"font-size: 14pt;\">Verksamheten st\u00f6ds av Region Dalarna, Region G\u00e4vleborg, Hedemora kommun, Kulturr\u00e5det. Samarbeten med ABF Hofors, ABF S\u00f6dra \u00d6stra, Folkteatern Dalarna samt Riksteatern G\u00e4vleborg.&nbsp;<\/span><\/p>\n<p>&nbsp;<\/p>\n<p><span style=\"font-size: 14pt;\">2021<\/span><\/p>\n<p style=\"font-family: Arial, Helvetica, sans-serif; font-size: 18px; text-align: left;\">28 Augusti hade F\u00f6reningen N\u00e4tverket Dans i Dalarna ett Dansresidens \/ N\u00e4tverksm\u00f6te p\u00e5 Matsesg\u00e5rden Stigsbo.<\/p>\n<p style=\"font-family: Arial, Helvetica, sans-serif; font-size: 18px; text-align: left;\">30 Augusti &#8211; 12 September g\u00e4stade Madeleine Renhuvud och Marika Renhuvud Matsesg\u00e5rden i &nbsp;Dans &amp; Bild residenset AERPIE.<\/p>\n<p style=\"font-family: Arial, Helvetica, sans-serif; font-size: 18px; text-align: left;\">Konstutst\u00e4llning 2021<\/p>\n<p style=\"font-family: Arial, Helvetica, sans-serif; font-size: 18px; text-align: left;\">Vernissage 11 Juli kl. 13.00 &#8211; 16.00<\/p>\n<p style=\"font-family: Arial, Helvetica, sans-serif; font-size: 18px; text-align: left;\"><b style=\"font-family: Verdana, Arial, Helvetica, sans-serif; font-size: 14px;\">Vernissagen \u00f6ppnades av Omid Massali, Curator, Galleri Svarta Gran<\/b><\/p>\n<p style=\"font-family: Arial, Helvetica, sans-serif; font-size: 18px; text-align: left;\">11 Juli &#8211; 5 September<\/p>\n<p style=\"font-family: Arial, Helvetica, sans-serif; font-size: 18px; text-align: left;\">\u00d6ppet: Onsdag &#8211; S\u00f6ndag kl. 13.00 &#8211; 16.00<\/p>\n<p style=\"font-family: Arial, Helvetica, sans-serif; font-size: 18px; text-align: left;\">Sommarens Konstn\u00e4rer : Marieta Toneva, Gunilla L\u00f6fgren, Anna T\u00f6rnquist, Brita Lanning, Lars Boberg, Gertrud Appelqvist, Marie Noree, Lou T Lundqvist<\/p>\n<p style=\"font-family: Arial, Helvetica, sans-serif; font-size: 18px; text-align: left;\">Dansf\u00f6rest\u00e4llningar i Tr\u00e4dg\u00e5rden<\/p>\n<p><strong>HIRUNDO<\/strong><\/p>\n<p style=\"font-family: Arial, Helvetica, sans-serif; font-size: 18px; text-align: left;\">Premi\u00e4r 23 Juli kl. 19.00<\/p>\n<p style=\"font-family: Arial, Helvetica, sans-serif; font-size: 18px; text-align: left;\">Spelades till och med 15 Augusti<\/p>\n<p style=\"font-family: Arial, Helvetica, sans-serif; font-size: 18px; text-align: left;\">&nbsp;<\/p>\n<p style=\"font-family: Arial, Helvetica, sans-serif; font-size: 18px; text-align: left;\">&nbsp;<\/p>\n","protected":false},"excerpt":{"rendered":"<p>International center for choreography,&nbsp;visual art, music and literature KORDA Art in Motion&nbsp;offers Art Exhibition with national and international artists, Dance performances in the garden, and in the studio, Residency for visual artists, dancers, choreographers and writers, DANSLUST creative program for &hellip; <a class=\"more-link\" href=\"https:\/\/korda.org\/?page_id=298\">L\u00e4s mer <span class=\"meta-nav\">&rarr;<\/span><\/a><\/p>\n","protected":false},"author":1,"featured_media":0,"parent":0,"menu_order":0,"comment_status":"closed","ping_status":"closed","template":"","meta":{"ngg_post_thumbnail":0,"footnotes":""},"class_list":["post-298","page","type-page","status-publish","hentry"],"_links":{"self":[{"href":"https:\/\/korda.org\/index.php?rest_route=\/wp\/v2\/pages\/298","targetHints":{"allow":["GET"]}}],"collection":[{"href":"https:\/\/korda.org\/index.php?rest_route=\/wp\/v2\/pages"}],"about":[{"href":"https:\/\/korda.org\/index.php?rest_route=\/wp\/v2\/types\/page"}],"author":[{"embeddable":true,"href":"https:\/\/korda.org\/index.php?rest_route=\/wp\/v2\/users\/1"}],"replies":[{"embeddable":true,"href":"https:\/\/korda.org\/index.php?rest_route=%2Fwp%2Fv2%2Fcomments&post=298"}],"version-history":[{"count":100,"href":"https:\/\/korda.org\/index.php?rest_route=\/wp\/v2\/pages\/298\/revisions"}],"predecessor-version":[{"id":1953,"href":"https:\/\/korda.org\/index.php?rest_route=\/wp\/v2\/pages\/298\/revisions\/1953"}],"wp:attachment":[{"href":"https:\/\/korda.org\/index.php?rest_route=%2Fwp%2Fv2%2Fmedia&parent=298"}],"curies":[{"name":"wp","href":"https:\/\/api.w.org\/{rel}","templated":true}]}}